{"id":4165,"date":"2026-01-16T10:09:13","date_gmt":"2026-01-16T10:09:13","guid":{"rendered":"https:\/\/www.dracmallorca.com\/blog\/?page_id=4165"},"modified":"2026-04-07T09:41:47","modified_gmt":"2026-04-07T09:41:47","slug":"casas-vacacionales-en-cala-llombards","status":"publish","type":"page","link":"https:\/\/www.dracmallorca.com\/blog\/es\/casas-vacacionales-en-cala-llombards\/","title":{"rendered":"Casas vacacionales en Cala Llombards"},"content":{"rendered":"\t\t<div data-elementor-type=\"wp-page\" data-elementor-id=\"4165\" class=\"elementor elementor-4165\" data-elementor-post-type=\"page\">\n\t\t\t\t<div class=\"elementor-element elementor-element-99b6bbd e-con-full e-flex e-con e-parent\" data-id=\"99b6bbd\" data-element_type=\"container\" data-e-type=\"container\" data-settings=\"{&quot;background_background&quot;:&quot;classic&quot;}\">\n\t\t\t\t<div class=\"elementor-element elementor-element-49abafc elementor-widget elementor-widget-heading\" data-id=\"49abafc\" data-element_type=\"widget\" data-e-type=\"widget\" data-widget_type=\"heading.default\">\n\t\t\t\t<div class=\"elementor-widget-container\">\n\t\t\t\t\t<h1 class=\"elementor-heading-title elementor-size-default\">Casas vacacionales Cala Llombards<\/h1>\t\t\t\t<\/div>\n\t\t\t\t<\/div>\n\t\t\t\t<div class=\"elementor-element elementor-element-f7f8e70 elementor-widget elementor-widget-heading\" data-id=\"f7f8e70\" data-element_type=\"widget\" data-e-type=\"widget\" data-widget_type=\"heading.default\">\n\t\t\t\t<div class=\"elementor-widget-container\">\n\t\t\t\t\t<h3 class=\"elementor-heading-title elementor-size-default\">Conoce uno de los mejores secretos de Mallorca<\/h3>\t\t\t\t<\/div>\n\t\t\t\t<\/div>\n\t\t\t\t<\/div>\n\t\t<div class=\"elementor-element elementor-element-b3d6318 e-flex e-con-boxed e-con e-parent\" data-id=\"b3d6318\" data-element_type=\"container\" data-e-type=\"container\">\n\t\t\t\t\t<div class=\"e-con-inner\">\n\t\t<div class=\"elementor-element elementor-element-8312d28 e-grid e-con-full e-con e-child\" data-id=\"8312d28\" data-element_type=\"container\" data-e-type=\"container\">\n\t\t<div class=\"elementor-element elementor-element-cfab85f e-con-full e-flex e-con e-child\" data-id=\"cfab85f\" data-element_type=\"container\" data-e-type=\"container\">\n\t\t\t\t<div class=\"elementor-element elementor-element-9cc6172 elementor-widget elementor-widget-heading\" data-id=\"9cc6172\" data-element_type=\"widget\" data-e-type=\"widget\" data-widget_type=\"heading.default\">\n\t\t\t\t<div class=\"elementor-widget-container\">\n\t\t\t\t\t<h2 class=\"elementor-heading-title elementor-size-default\"><a href=\"https:\/\/www.dracmallorca.com\/alquiler\/alquileres-mallorca-e21\/orden-valoracion\/\">M\u00e1s valorados<\/a><\/h2>\t\t\t\t<\/div>\n\t\t\t\t<\/div>\n\t\t\t\t<\/div>\n\t\t<div class=\"elementor-element elementor-element-3b532e9 e-con-full e-flex e-con e-child\" data-id=\"3b532e9\" data-element_type=\"container\" data-e-type=\"container\">\n\t\t\t\t<div class=\"elementor-element elementor-element-5e71238 elementor-widget elementor-widget-heading\" data-id=\"5e71238\" data-element_type=\"widget\" data-e-type=\"widget\" data-widget_type=\"heading.default\">\n\t\t\t\t<div class=\"elementor-widget-container\">\n\t\t\t\t\t<h2 class=\"elementor-heading-title elementor-size-default\"><a href=\"https:\/\/www.dracmallorca.com\/alquiler\/alquileres-mallorca-e21\/mas-baratos\/\">M\u00e1s econ\u00f3micos<\/a><\/h2>\t\t\t\t<\/div>\n\t\t\t\t<\/div>\n\t\t\t\t<\/div>\n\t\t<div class=\"elementor-element elementor-element-a0a7b70 e-con-full e-flex e-con e-child\" data-id=\"a0a7b70\" data-element_type=\"container\" data-e-type=\"container\">\n\t\t\t\t<div class=\"elementor-element elementor-element-ff51447 elementor-widget elementor-widget-heading\" data-id=\"ff51447\" data-element_type=\"widget\" data-e-type=\"widget\" data-widget_type=\"heading.default\">\n\t\t\t\t<div class=\"elementor-widget-container\">\n\t\t\t\t\t<h2 class=\"elementor-heading-title elementor-size-default\"><a href=\"https:\/\/www.dracmallorca.com\/alquiler\/alquileres-mallorca-e21\/mas-caros\/\">Alojamientos top<\/a><\/h2>\t\t\t\t<\/div>\n\t\t\t\t<\/div>\n\t\t\t\t<\/div>\n\t\t<div class=\"elementor-element elementor-element-9346519 e-con-full e-flex e-con e-child\" data-id=\"9346519\" data-element_type=\"container\" data-e-type=\"container\">\n\t\t\t\t<div class=\"elementor-element elementor-element-da3f469 elementor-widget elementor-widget-heading\" data-id=\"da3f469\" data-element_type=\"widget\" data-e-type=\"widget\" data-widget_type=\"heading.default\">\n\t\t\t\t<div class=\"elementor-widget-container\">\n\t\t\t\t\t<h2 class=\"elementor-heading-title elementor-size-default\"><a href=\"https:\/\/www.dracmallorca.com\/alquiler\/alquileres-mallorca-e21\/categoria-cerca-de-la-playa\/\">Cerca de la playa<\/a><\/h2>\t\t\t\t<\/div>\n\t\t\t\t<\/div>\n\t\t\t\t<\/div>\n\t\t\t\t<\/div>\n\t\t\t\t\t<\/div>\n\t\t\t\t<\/div>\n\t\t<div class=\"elementor-element elementor-element-e95dafe e-flex e-con-boxed e-con e-parent\" data-id=\"e95dafe\" data-element_type=\"container\" data-e-type=\"container\">\n\t\t\t\t\t<div class=\"e-con-inner\">\n\t\t\t\t<div class=\"elementor-element elementor-element-44c86cb elementor-widget elementor-widget-heading\" data-id=\"44c86cb\" data-element_type=\"widget\" data-e-type=\"widget\" data-widget_type=\"heading.default\">\n\t\t\t\t<div class=\"elementor-widget-container\">\n\t\t\t\t\t<h2 class=\"elementor-heading-title elementor-size-default\">Descubre las mejores casas vacacionales en Cala Llombards<\/h2>\t\t\t\t<\/div>\n\t\t\t\t<\/div>\n\t\t\t\t<div class=\"elementor-element elementor-element-4dfbb9d elementor-widget elementor-widget-grid\" data-id=\"4dfbb9d\" data-element_type=\"widget\" data-e-type=\"widget\" data-widget_type=\"grid.default\">\n\t\t\t\t<div class=\"elementor-widget-container\">\n\t\t\t\t\t\t\t<div class=\"its--row alojamientos-recomendados\">\n\n\t\t\t<div class=\"alojamientos-recomendados-container\">\n\n\t\t\t\t\t\n\t\t\t\t\t<a href=\"https:\/\/www.dracmallorca.com\/alquiler\/apartahotel-cala-santanyi-a-drac-1-308351.html\" rel=\"nofollow\" style=\"width: 23%;\">\n\t\t\t\t\t\t<div class=\"apartamento-box\">\n\t\t\t\t\t\t\t<div class=\"imagen_recomendados\">\n\t\t\t\t\t\t\t\t<img decoding=\"async\" src=\"https:\/\/crs.avantio.com\/fotos\/2\/157848893219f7507dfb1bf81d589791cf33c84ca6\/big16575375781bc753ef4c125cb8bd50bf9f0e98c61f.jpg\" alt=\"Drac 1 by dracmallorca\">\n\t\t\t\t\t\t\t<\/div>\n\t\t\t\t\t\t\t<div class=\"info\">\n\t\t\t\t\t\t\t\t<div class=\"ubicacion\">\n\t\t\t\t\t\t\t\t\t<i class=\"fa-solid fa-location-dot icono-mapa\"><\/i><span class=\"ubicacion-texto\">Cala Santanyi - Mallorca<\/span>\n\t\t\t\t\t\t\t\t<\/div>\n\t\t\t\t\t\t\t\t<H3 class=\"titulo-alojamiento\">\n\t\t\t\t\t\t\t\t\tDrac 1 by dracmallorca\t\t\t\t\t\t\t\t<\/H3>\n\t\t\t\t\t\t\t\t<p class=\"precio-alojamiento\">Desde <span class=\"precio\">117.42\u20ac<\/span> por noche<\/p>\n\t\t\t\t\t\t\t<\/div>\n\t\t\t\t\t\t<\/div>\n\t\t\t\t\t<\/a> \n\t\t\t\t\t\t\n\t\t\t\t\t<a href=\"https:\/\/www.dracmallorca.com\/alquiler\/finca-santanyi-b-son-garrot-308369.html\" rel=\"nofollow\" style=\"width: 23%;\">\n\t\t\t\t\t\t<div class=\"apartamento-box\">\n\t\t\t\t\t\t\t<div class=\"imagen_recomendados\">\n\t\t\t\t\t\t\t\t<img decoding=\"async\" src=\"https:\/\/crs.avantio.com\/fotos\/2\/1578495511e2021df89be371ad673652d3a1afa744\/big1683975212ab8af943f2182bc375f6ac7374eeb0e6.jpg\" alt=\"Son Garrot by dracmallorca\">\n\t\t\t\t\t\t\t<\/div>\n\t\t\t\t\t\t\t<div class=\"info\">\n\t\t\t\t\t\t\t\t<div class=\"ubicacion\">\n\t\t\t\t\t\t\t\t\t<i class=\"fa-solid fa-location-dot icono-mapa\"><\/i><span class=\"ubicacion-texto\">Santanyi - Mallorca<\/span>\n\t\t\t\t\t\t\t\t<\/div>\n\t\t\t\t\t\t\t\t<H3 class=\"titulo-alojamiento\">\n\t\t\t\t\t\t\t\t\tSon Garrot by dracmallorca\t\t\t\t\t\t\t\t<\/H3>\n\t\t\t\t\t\t\t\t<p class=\"precio-alojamiento\">Desde <span class=\"precio\">136.80\u20ac<\/span> por noche<\/p>\n\t\t\t\t\t\t\t<\/div>\n\t\t\t\t\t\t<\/div>\n\t\t\t\t\t<\/a> \n\t\t\t\t\t\t\n\t\t\t\t\t<a href=\"https:\/\/www.dracmallorca.com\/alquiler\/apartahotel-cala-santanyi-a-drac-2-308477.html\" rel=\"nofollow\" style=\"width: 23%;\">\n\t\t\t\t\t\t<div class=\"apartamento-box\">\n\t\t\t\t\t\t\t<div class=\"imagen_recomendados\">\n\t\t\t\t\t\t\t\t<img decoding=\"async\" src=\"https:\/\/crs.avantio.com\/fotos\/2\/15785843936416bd0ff2f77debe7e15c3769f0f280\/big165753767413ff2f2ae54d6fc3ee2cfa399d0bca05.jpg\" alt=\"Drac 2 by dracmallorca\">\n\t\t\t\t\t\t\t<\/div>\n\t\t\t\t\t\t\t<div class=\"info\">\n\t\t\t\t\t\t\t\t<div class=\"ubicacion\">\n\t\t\t\t\t\t\t\t\t<i class=\"fa-solid fa-location-dot icono-mapa\"><\/i><span class=\"ubicacion-texto\">Cala Santanyi - Mallorca<\/span>\n\t\t\t\t\t\t\t\t<\/div>\n\t\t\t\t\t\t\t\t<H3 class=\"titulo-alojamiento\">\n\t\t\t\t\t\t\t\t\tDrac 2 by dracmallorca\t\t\t\t\t\t\t\t<\/H3>\n\t\t\t\t\t\t\t\t<p class=\"precio-alojamiento\">Desde <span class=\"precio\">126.54\u20ac<\/span> por noche<\/p>\n\t\t\t\t\t\t\t<\/div>\n\t\t\t\t\t\t<\/div>\n\t\t\t\t\t<\/a> \n\t\t\t\t\t\t\n\t\t\t\t\t<a href=\"https:\/\/www.dracmallorca.com\/alquiler\/finca-santanyi-b-bassa-seca-308510.html\" rel=\"nofollow\" style=\"width: 23%;\">\n\t\t\t\t\t\t<div class=\"apartamento-box\">\n\t\t\t\t\t\t\t<div class=\"imagen_recomendados\">\n\t\t\t\t\t\t\t\t<img decoding=\"async\" src=\"https:\/\/crs.avantio.com\/fotos\/2\/1578652754dabbf3dc22a5a4f8b36b9cca85edcb72\/big1653484179c7302878a55fb546dec24f4370fdcc90.jpg\" alt=\"Bassa Seca by dracmallorca\">\n\t\t\t\t\t\t\t<\/div>\n\t\t\t\t\t\t\t<div class=\"info\">\n\t\t\t\t\t\t\t\t<div class=\"ubicacion\">\n\t\t\t\t\t\t\t\t\t<i class=\"fa-solid fa-location-dot icono-mapa\"><\/i><span class=\"ubicacion-texto\">Santanyi - Mallorca<\/span>\n\t\t\t\t\t\t\t\t<\/div>\n\t\t\t\t\t\t\t\t<H3 class=\"titulo-alojamiento\">\n\t\t\t\t\t\t\t\t\tBassa Seca by dracmallorca\t\t\t\t\t\t\t\t<\/H3>\n\t\t\t\t\t\t\t\t<p class=\"precio-alojamiento\">Desde <span class=\"precio\">267.90\u20ac<\/span> por noche<\/p>\n\t\t\t\t\t\t\t<\/div>\n\t\t\t\t\t\t<\/div>\n\t\t\t\t\t<\/a> \n\t\t\t\t\t\t\n\t\t\t\t\t<a href=\"https:\/\/www.dracmallorca.com\/alquiler\/apartahotel-cala-santanyi-a-drac-3-308520.html\" rel=\"nofollow\" style=\"width: 23%;\">\n\t\t\t\t\t\t<div class=\"apartamento-box\">\n\t\t\t\t\t\t\t<div class=\"imagen_recomendados\">\n\t\t\t\t\t\t\t\t<img decoding=\"async\" src=\"https:\/\/crs.avantio.com\/fotos\/2\/157865733393a86a602695a4cb9b4e6ac0f8fb235a\/big17471359792de8ed68273e04ecd16bc90f96988977.jpg\" alt=\"Drac 3 by dracmallorca\">\n\t\t\t\t\t\t\t<\/div>\n\t\t\t\t\t\t\t<div class=\"info\">\n\t\t\t\t\t\t\t\t<div class=\"ubicacion\">\n\t\t\t\t\t\t\t\t\t<i class=\"fa-solid fa-location-dot icono-mapa\"><\/i><span class=\"ubicacion-texto\">Cala Santanyi - Mallorca<\/span>\n\t\t\t\t\t\t\t\t<\/div>\n\t\t\t\t\t\t\t\t<H3 class=\"titulo-alojamiento\">\n\t\t\t\t\t\t\t\t\tDrac 3 by dracmallorca\t\t\t\t\t\t\t\t<\/H3>\n\t\t\t\t\t\t\t\t<p class=\"precio-alojamiento\">Desde <span class=\"precio\">116.28\u20ac<\/span> por noche<\/p>\n\t\t\t\t\t\t\t<\/div>\n\t\t\t\t\t\t<\/div>\n\t\t\t\t\t<\/a> \n\t\t\t\t\t\t\n\t\t\t\t\t<a href=\"https:\/\/www.dracmallorca.com\/alquiler\/finca-santanyi-b-son-sec-308531.html\" rel=\"nofollow\" style=\"width: 23%;\">\n\t\t\t\t\t\t<div class=\"apartamento-box\">\n\t\t\t\t\t\t\t<div class=\"imagen_recomendados\">\n\t\t\t\t\t\t\t\t<img decoding=\"async\" src=\"https:\/\/crs.avantio.com\/fotos\/2\/15789218995e7b88f31f9a5ecb5a53d9c6c22a3ac8\/big168233930248399c28c2198ad2564bcee8c156da79.jpg\" alt=\"Son Sec by dracmallorca\">\n\t\t\t\t\t\t\t<\/div>\n\t\t\t\t\t\t\t<div class=\"info\">\n\t\t\t\t\t\t\t\t<div class=\"ubicacion\">\n\t\t\t\t\t\t\t\t\t<i class=\"fa-solid fa-location-dot icono-mapa\"><\/i><span class=\"ubicacion-texto\">Santanyi - Mallorca<\/span>\n\t\t\t\t\t\t\t\t<\/div>\n\t\t\t\t\t\t\t\t<H3 class=\"titulo-alojamiento\">\n\t\t\t\t\t\t\t\t\tSon Sec by dracmallorca\t\t\t\t\t\t\t\t<\/H3>\n\t\t\t\t\t\t\t\t<p class=\"precio-alojamiento\">Desde <span class=\"precio\">165.30\u20ac<\/span> por noche<\/p>\n\t\t\t\t\t\t\t<\/div>\n\t\t\t\t\t\t<\/div>\n\t\t\t\t\t<\/a> \n\t\t\t\t\t\t\n\t\t\t\t\t<a href=\"https:\/\/www.dracmallorca.com\/alquiler\/casa-cala-santanyi-d-sa-marina-308544.html\" rel=\"nofollow\" style=\"width: 23%;\">\n\t\t\t\t\t\t<div class=\"apartamento-box\">\n\t\t\t\t\t\t\t<div class=\"imagen_recomendados\">\n\t\t\t\t\t\t\t\t<img decoding=\"async\" src=\"https:\/\/crs.avantio.com\/fotos\/2\/1578663388357509ad80d8dbffd52d56849b49104d\/big159377072942bc7ff17b75724505c88f084abe0370.jpg\" alt=\"Sa Marina by dracmallorca\">\n\t\t\t\t\t\t\t<\/div>\n\t\t\t\t\t\t\t<div class=\"info\">\n\t\t\t\t\t\t\t\t<div class=\"ubicacion\">\n\t\t\t\t\t\t\t\t\t<i class=\"fa-solid fa-location-dot icono-mapa\"><\/i><span class=\"ubicacion-texto\">Cala Santanyi - Mallorca<\/span>\n\t\t\t\t\t\t\t\t<\/div>\n\t\t\t\t\t\t\t\t<H3 class=\"titulo-alojamiento\">\n\t\t\t\t\t\t\t\t\tSa Marina by dracmallorca\t\t\t\t\t\t\t\t<\/H3>\n\t\t\t\t\t\t\t\t<p class=\"precio-alojamiento\">Desde <span class=\"precio\">152.70\u20ac<\/span> por noche<\/p>\n\t\t\t\t\t\t\t<\/div>\n\t\t\t\t\t\t<\/div>\n\t\t\t\t\t<\/a> \n\t\t\t\t\t\t\n\t\t\t\t\t<a href=\"https:\/\/www.dracmallorca.com\/alquiler\/casa-cala-figuera-d-puerto-cala-figuera-308570.html\" rel=\"nofollow\" style=\"width: 23%;\">\n\t\t\t\t\t\t<div class=\"apartamento-box\">\n\t\t\t\t\t\t\t<div class=\"imagen_recomendados\">\n\t\t\t\t\t\t\t\t<img decoding=\"async\" src=\"https:\/\/crs.avantio.com\/fotos\/2\/1578922568f1a904326f2579195dfef2ee8f3afd31\/big157892272069149e44afc0fc30dfcb3a70c7f20e5f.jpg\" alt=\"Puerto Cala Figuera by dracmallorca\">\n\t\t\t\t\t\t\t<\/div>\n\t\t\t\t\t\t\t<div class=\"info\">\n\t\t\t\t\t\t\t\t<div class=\"ubicacion\">\n\t\t\t\t\t\t\t\t\t<i class=\"fa-solid fa-location-dot icono-mapa\"><\/i><span class=\"ubicacion-texto\">Cala Figuera - Mallorca<\/span>\n\t\t\t\t\t\t\t\t<\/div>\n\t\t\t\t\t\t\t\t<H3 class=\"titulo-alojamiento\">\n\t\t\t\t\t\t\t\t\tPuerto Cala Figuera by dracmallorca\t\t\t\t\t\t\t\t<\/H3>\n\t\t\t\t\t\t\t\t<p class=\"precio-alojamiento\">Desde <span class=\"precio\">139.08\u20ac<\/span> por noche<\/p>\n\t\t\t\t\t\t\t<\/div>\n\t\t\t\t\t\t<\/div>\n\t\t\t\t\t<\/a> \n\t\t\t\t\t\t\t\t<\/div>\n\t\t\t<\/div>\n\t\t\t\t\t\t<\/div>\n\t\t\t\t<\/div>\n\t\t\t\t\t<\/div>\n\t\t\t\t<\/div>\n\t\t<div class=\"elementor-element elementor-element-8714b6f e-flex e-con-boxed e-con e-parent\" data-id=\"8714b6f\" data-element_type=\"container\" data-e-type=\"container\">\n\t\t\t\t\t<div class=\"e-con-inner\">\n\t\t\t\t<div class=\"elementor-element elementor-element-50206dd elementor-align-center elementor-widget elementor-widget-button\" data-id=\"50206dd\" data-element_type=\"widget\" data-e-type=\"widget\" data-widget_type=\"button.default\">\n\t\t\t\t<div class=\"elementor-widget-container\">\n\t\t\t\t\t\t\t\t\t<div class=\"elementor-button-wrapper\">\n\t\t\t\t\t<a class=\"elementor-button elementor-button-link elementor-size-sm\" href=\"https:\/\/www.dracmallorca.com\/alquiler\/alquileres-cala-llombards-d464193\/\">\n\t\t\t\t\t\t<span class=\"elementor-button-content-wrapper\">\n\t\t\t\t\t\t\t\t\t<span class=\"elementor-button-text\">Ver m\u00e1s alojamientos<\/span>\n\t\t\t\t\t<\/span>\n\t\t\t\t\t<\/a>\n\t\t\t\t<\/div>\n\t\t\t\t\t\t\t\t<\/div>\n\t\t\t\t<\/div>\n\t\t\t\t\t<\/div>\n\t\t\t\t<\/div>\n\t\t<div class=\"elementor-element elementor-element-bc482fc e-flex e-con-boxed e-con e-parent\" data-id=\"bc482fc\" data-element_type=\"container\" data-e-type=\"container\" data-settings=\"{&quot;background_background&quot;:&quot;classic&quot;}\">\n\t\t\t\t\t<div class=\"e-con-inner\">\n\t\t<div class=\"elementor-element elementor-element-1d418e2 e-con-full e-flex e-con e-child\" data-id=\"1d418e2\" data-element_type=\"container\" data-e-type=\"container\">\n\t\t\t\t<div class=\"elementor-element elementor-element-df9a2ef elementor-widget elementor-widget-heading\" data-id=\"df9a2ef\" data-element_type=\"widget\" data-e-type=\"widget\" data-widget_type=\"heading.default\">\n\t\t\t\t<div class=\"elementor-widget-container\">\n\t\t\t\t\t<h2 class=\"elementor-heading-title elementor-size-default\">Casas vacacionales en Cala Llombards, Mallorca<\/h2>\t\t\t\t<\/div>\n\t\t\t\t<\/div>\n\t\t\t\t<div class=\"elementor-element elementor-element-0432dc7 elementor-widget elementor-widget-text-editor\" data-id=\"0432dc7\" data-element_type=\"widget\" data-e-type=\"widget\" data-widget_type=\"text-editor.default\">\n\t\t\t\t<div class=\"elementor-widget-container\">\n\t\t\t\t\t\t\t\t\t<p>Cala Llombards es una pintoresca urbanizaci\u00f3n costera perteneciente al municipio de Santany\u00ed,<br \/>conocida por su espectacular playa de arena blanca y aguas turquesas.<\/p><p>A diferencia de otras zonas m\u00e1s tur\u00edsticas,<br \/>nuestras <strong>casas vacacionales en Cala Llombards<\/strong> ofrecen una experiencia de tranquilidad absoluta,<br \/>rodeadas de acantilados y pinos mediterr\u00e1neos.<\/p>\t\t\t\t\t\t\t\t<\/div>\n\t\t\t\t<\/div>\n\t\t\t\t<\/div>\n\t\t<div class=\"elementor-element elementor-element-db64946 e-con-full e-flex e-con e-child\" data-id=\"db64946\" data-element_type=\"container\" data-e-type=\"container\">\n\t\t\t\t<div class=\"elementor-element elementor-element-296c8fb elementor-widget elementor-widget-image\" data-id=\"296c8fb\" data-element_type=\"widget\" data-e-type=\"widget\" data-widget_type=\"image.default\">\n\t\t\t\t<div class=\"elementor-widget-container\">\n\t\t\t\t\t\t\t\t\t\t\t\t\t\t\t<img fetchpriority=\"high\" decoding=\"async\" width=\"800\" height=\"420\" src=\"https:\/\/www.dracmallorca.com\/blog\/wp-content\/uploads\/2024\/03\/cala-llombards-beaches-santanyi-1200x630.jpg\" class=\"attachment-large size-large wp-image-1464\" alt=\"cala-llombards-beaches-santanyi\" \/>\t\t\t\t\t\t\t\t\t\t\t\t\t\t\t<\/div>\n\t\t\t\t<\/div>\n\t\t\t\t<\/div>\n\t\t\t\t\t<\/div>\n\t\t\t\t<\/div>\n\t\t<div class=\"elementor-element elementor-element-b2db397 e-flex e-con-boxed e-con e-parent\" data-id=\"b2db397\" data-element_type=\"container\" data-e-type=\"container\">\n\t\t\t\t\t<div class=\"e-con-inner\">\n\t\t\t\t<div class=\"elementor-element elementor-element-f70c36b elementor-widget elementor-widget-heading\" data-id=\"f70c36b\" data-element_type=\"widget\" data-e-type=\"widget\" data-widget_type=\"heading.default\">\n\t\t\t\t<div class=\"elementor-widget-container\">\n\t\t\t\t\t<h2 class=\"elementor-heading-title elementor-size-default\">Alojamientos cerca de la playa en el Sur de Mallorca<\/h2>\t\t\t\t<\/div>\n\t\t\t\t<\/div>\n\t\t\t\t<div class=\"elementor-element elementor-element-f7139b5 elementor-widget elementor-widget-grid\" data-id=\"f7139b5\" data-element_type=\"widget\" data-e-type=\"widget\" data-widget_type=\"grid.default\">\n\t\t\t\t<div class=\"elementor-widget-container\">\n\t\t\t\t\t\t\t<div class=\"its--row alojamientos-recomendados\">\n\n\t\t\t<div class=\"alojamientos-recomendados-container\">\n\n\t\t\t\t\t\n\t\t\t\t\t<a href=\"https:\/\/www.dracmallorca.com\/alquiler\/apartahotel-cala-santanyi-a-drac-1-308351.html\" rel=\"nofollow\" style=\"width: 23%;\">\n\t\t\t\t\t\t<div class=\"apartamento-box\">\n\t\t\t\t\t\t\t<div class=\"imagen_recomendados\">\n\t\t\t\t\t\t\t\t<img decoding=\"async\" src=\"https:\/\/crs.avantio.com\/fotos\/2\/157848893219f7507dfb1bf81d589791cf33c84ca6\/big16575375781bc753ef4c125cb8bd50bf9f0e98c61f.jpg\" alt=\"Drac 1 by dracmallorca\">\n\t\t\t\t\t\t\t<\/div>\n\t\t\t\t\t\t\t<div class=\"info\">\n\t\t\t\t\t\t\t\t<div class=\"ubicacion\">\n\t\t\t\t\t\t\t\t\t<i class=\"fa-solid fa-location-dot icono-mapa\"><\/i><span class=\"ubicacion-texto\">Cala Santanyi - Mallorca<\/span>\n\t\t\t\t\t\t\t\t<\/div>\n\t\t\t\t\t\t\t\t<H3 class=\"titulo-alojamiento\">\n\t\t\t\t\t\t\t\t\tDrac 1 by dracmallorca\t\t\t\t\t\t\t\t<\/H3>\n\t\t\t\t\t\t\t\t<p class=\"precio-alojamiento\">Desde <span class=\"precio\">117.42\u20ac<\/span> por noche<\/p>\n\t\t\t\t\t\t\t<\/div>\n\t\t\t\t\t\t<\/div>\n\t\t\t\t\t<\/a> \n\t\t\t\t\t\t\n\t\t\t\t\t<a href=\"https:\/\/www.dracmallorca.com\/alquiler\/apartahotel-cala-santanyi-a-drac-2-308477.html\" rel=\"nofollow\" style=\"width: 23%;\">\n\t\t\t\t\t\t<div class=\"apartamento-box\">\n\t\t\t\t\t\t\t<div class=\"imagen_recomendados\">\n\t\t\t\t\t\t\t\t<img decoding=\"async\" src=\"https:\/\/crs.avantio.com\/fotos\/2\/15785843936416bd0ff2f77debe7e15c3769f0f280\/big165753767413ff2f2ae54d6fc3ee2cfa399d0bca05.jpg\" alt=\"Drac 2 by dracmallorca\">\n\t\t\t\t\t\t\t<\/div>\n\t\t\t\t\t\t\t<div class=\"info\">\n\t\t\t\t\t\t\t\t<div class=\"ubicacion\">\n\t\t\t\t\t\t\t\t\t<i class=\"fa-solid fa-location-dot icono-mapa\"><\/i><span class=\"ubicacion-texto\">Cala Santanyi - Mallorca<\/span>\n\t\t\t\t\t\t\t\t<\/div>\n\t\t\t\t\t\t\t\t<H3 class=\"titulo-alojamiento\">\n\t\t\t\t\t\t\t\t\tDrac 2 by dracmallorca\t\t\t\t\t\t\t\t<\/H3>\n\t\t\t\t\t\t\t\t<p class=\"precio-alojamiento\">Desde <span class=\"precio\">126.54\u20ac<\/span> por noche<\/p>\n\t\t\t\t\t\t\t<\/div>\n\t\t\t\t\t\t<\/div>\n\t\t\t\t\t<\/a> \n\t\t\t\t\t\t\n\t\t\t\t\t<a href=\"https:\/\/www.dracmallorca.com\/alquiler\/apartahotel-cala-santanyi-a-drac-3-308520.html\" rel=\"nofollow\" style=\"width: 23%;\">\n\t\t\t\t\t\t<div class=\"apartamento-box\">\n\t\t\t\t\t\t\t<div class=\"imagen_recomendados\">\n\t\t\t\t\t\t\t\t<img decoding=\"async\" src=\"https:\/\/crs.avantio.com\/fotos\/2\/157865733393a86a602695a4cb9b4e6ac0f8fb235a\/big17471359792de8ed68273e04ecd16bc90f96988977.jpg\" alt=\"Drac 3 by dracmallorca\">\n\t\t\t\t\t\t\t<\/div>\n\t\t\t\t\t\t\t<div class=\"info\">\n\t\t\t\t\t\t\t\t<div class=\"ubicacion\">\n\t\t\t\t\t\t\t\t\t<i class=\"fa-solid fa-location-dot icono-mapa\"><\/i><span class=\"ubicacion-texto\">Cala Santanyi - Mallorca<\/span>\n\t\t\t\t\t\t\t\t<\/div>\n\t\t\t\t\t\t\t\t<H3 class=\"titulo-alojamiento\">\n\t\t\t\t\t\t\t\t\tDrac 3 by dracmallorca\t\t\t\t\t\t\t\t<\/H3>\n\t\t\t\t\t\t\t\t<p class=\"precio-alojamiento\">Desde <span class=\"precio\">116.28\u20ac<\/span> por noche<\/p>\n\t\t\t\t\t\t\t<\/div>\n\t\t\t\t\t\t<\/div>\n\t\t\t\t\t<\/a> \n\t\t\t\t\t\t\n\t\t\t\t\t<a href=\"https:\/\/www.dracmallorca.com\/alquiler\/casa-cala-santanyi-d-sa-marina-308544.html\" rel=\"nofollow\" style=\"width: 23%;\">\n\t\t\t\t\t\t<div class=\"apartamento-box\">\n\t\t\t\t\t\t\t<div class=\"imagen_recomendados\">\n\t\t\t\t\t\t\t\t<img decoding=\"async\" src=\"https:\/\/crs.avantio.com\/fotos\/2\/1578663388357509ad80d8dbffd52d56849b49104d\/big159377072942bc7ff17b75724505c88f084abe0370.jpg\" alt=\"Sa Marina by dracmallorca\">\n\t\t\t\t\t\t\t<\/div>\n\t\t\t\t\t\t\t<div class=\"info\">\n\t\t\t\t\t\t\t\t<div class=\"ubicacion\">\n\t\t\t\t\t\t\t\t\t<i class=\"fa-solid fa-location-dot icono-mapa\"><\/i><span class=\"ubicacion-texto\">Cala Santanyi - Mallorca<\/span>\n\t\t\t\t\t\t\t\t<\/div>\n\t\t\t\t\t\t\t\t<H3 class=\"titulo-alojamiento\">\n\t\t\t\t\t\t\t\t\tSa Marina by dracmallorca\t\t\t\t\t\t\t\t<\/H3>\n\t\t\t\t\t\t\t\t<p class=\"precio-alojamiento\">Desde <span class=\"precio\">152.70\u20ac<\/span> por noche<\/p>\n\t\t\t\t\t\t\t<\/div>\n\t\t\t\t\t\t<\/div>\n\t\t\t\t\t<\/a> \n\t\t\t\t\t\t\t\t<\/div>\n\t\t\t<\/div>\n\t\t\t\t\t\t<\/div>\n\t\t\t\t<\/div>\n\t\t\t\t\t<\/div>\n\t\t\t\t<\/div>\n\t\t<div class=\"elementor-element elementor-element-4ec7b4a e-flex e-con-boxed e-con e-parent\" data-id=\"4ec7b4a\" data-element_type=\"container\" data-e-type=\"container\">\n\t\t\t\t\t<div class=\"e-con-inner\">\n\t\t\t\t<div class=\"elementor-element elementor-element-62a5fb9 elementor-widget elementor-widget-heading\" data-id=\"62a5fb9\" data-element_type=\"widget\" data-e-type=\"widget\" data-widget_type=\"heading.default\">\n\t\t\t\t<div class=\"elementor-widget-container\">\n\t\t\t\t\t<h2 class=\"elementor-heading-title elementor-size-default\">Alojamientos con piscina privada en el sur de Mallorca<\/h2>\t\t\t\t<\/div>\n\t\t\t\t<\/div>\n\t\t\t\t<div class=\"elementor-element elementor-element-f1ea85b elementor-widget elementor-widget-grid\" data-id=\"f1ea85b\" data-element_type=\"widget\" data-e-type=\"widget\" data-widget_type=\"grid.default\">\n\t\t\t\t<div class=\"elementor-widget-container\">\n\t\t\t\t\t\t\t<div class=\"its--row alojamientos-recomendados\">\n\n\t\t\t<div class=\"alojamientos-recomendados-container\">\n\n\t\t\t\t\t\n\t\t\t\t\t<a href=\"https:\/\/www.dracmallorca.com\/alquiler\/finca-santanyi-b-son-garrot-308369.html\" rel=\"nofollow\" style=\"width: 23%;\">\n\t\t\t\t\t\t<div class=\"apartamento-box\">\n\t\t\t\t\t\t\t<div class=\"imagen_recomendados\">\n\t\t\t\t\t\t\t\t<img decoding=\"async\" src=\"https:\/\/crs.avantio.com\/fotos\/2\/1578495511e2021df89be371ad673652d3a1afa744\/big1683975212ab8af943f2182bc375f6ac7374eeb0e6.jpg\" alt=\"Son Garrot by dracmallorca\">\n\t\t\t\t\t\t\t<\/div>\n\t\t\t\t\t\t\t<div class=\"info\">\n\t\t\t\t\t\t\t\t<div class=\"ubicacion\">\n\t\t\t\t\t\t\t\t\t<i class=\"fa-solid fa-location-dot icono-mapa\"><\/i><span class=\"ubicacion-texto\">Santanyi - Mallorca<\/span>\n\t\t\t\t\t\t\t\t<\/div>\n\t\t\t\t\t\t\t\t<H3 class=\"titulo-alojamiento\">\n\t\t\t\t\t\t\t\t\tSon Garrot by dracmallorca\t\t\t\t\t\t\t\t<\/H3>\n\t\t\t\t\t\t\t\t<p class=\"precio-alojamiento\">Desde <span class=\"precio\">136.80\u20ac<\/span> por noche<\/p>\n\t\t\t\t\t\t\t<\/div>\n\t\t\t\t\t\t<\/div>\n\t\t\t\t\t<\/a> \n\t\t\t\t\t\t\n\t\t\t\t\t<a href=\"https:\/\/www.dracmallorca.com\/alquiler\/finca-santanyi-b-bassa-seca-308510.html\" rel=\"nofollow\" style=\"width: 23%;\">\n\t\t\t\t\t\t<div class=\"apartamento-box\">\n\t\t\t\t\t\t\t<div class=\"imagen_recomendados\">\n\t\t\t\t\t\t\t\t<img decoding=\"async\" src=\"https:\/\/crs.avantio.com\/fotos\/2\/1578652754dabbf3dc22a5a4f8b36b9cca85edcb72\/big1653484179c7302878a55fb546dec24f4370fdcc90.jpg\" alt=\"Bassa Seca by dracmallorca\">\n\t\t\t\t\t\t\t<\/div>\n\t\t\t\t\t\t\t<div class=\"info\">\n\t\t\t\t\t\t\t\t<div class=\"ubicacion\">\n\t\t\t\t\t\t\t\t\t<i class=\"fa-solid fa-location-dot icono-mapa\"><\/i><span class=\"ubicacion-texto\">Santanyi - Mallorca<\/span>\n\t\t\t\t\t\t\t\t<\/div>\n\t\t\t\t\t\t\t\t<H3 class=\"titulo-alojamiento\">\n\t\t\t\t\t\t\t\t\tBassa Seca by dracmallorca\t\t\t\t\t\t\t\t<\/H3>\n\t\t\t\t\t\t\t\t<p class=\"precio-alojamiento\">Desde <span class=\"precio\">267.90\u20ac<\/span> por noche<\/p>\n\t\t\t\t\t\t\t<\/div>\n\t\t\t\t\t\t<\/div>\n\t\t\t\t\t<\/a> \n\t\t\t\t\t\t\n\t\t\t\t\t<a href=\"https:\/\/www.dracmallorca.com\/alquiler\/finca-santanyi-b-son-sec-308531.html\" rel=\"nofollow\" style=\"width: 23%;\">\n\t\t\t\t\t\t<div class=\"apartamento-box\">\n\t\t\t\t\t\t\t<div class=\"imagen_recomendados\">\n\t\t\t\t\t\t\t\t<img decoding=\"async\" src=\"https:\/\/crs.avantio.com\/fotos\/2\/15789218995e7b88f31f9a5ecb5a53d9c6c22a3ac8\/big168233930248399c28c2198ad2564bcee8c156da79.jpg\" alt=\"Son Sec by dracmallorca\">\n\t\t\t\t\t\t\t<\/div>\n\t\t\t\t\t\t\t<div class=\"info\">\n\t\t\t\t\t\t\t\t<div class=\"ubicacion\">\n\t\t\t\t\t\t\t\t\t<i class=\"fa-solid fa-location-dot icono-mapa\"><\/i><span class=\"ubicacion-texto\">Santanyi - Mallorca<\/span>\n\t\t\t\t\t\t\t\t<\/div>\n\t\t\t\t\t\t\t\t<H3 class=\"titulo-alojamiento\">\n\t\t\t\t\t\t\t\t\tSon Sec by dracmallorca\t\t\t\t\t\t\t\t<\/H3>\n\t\t\t\t\t\t\t\t<p class=\"precio-alojamiento\">Desde <span class=\"precio\">165.30\u20ac<\/span> por noche<\/p>\n\t\t\t\t\t\t\t<\/div>\n\t\t\t\t\t\t<\/div>\n\t\t\t\t\t<\/a> \n\t\t\t\t\t\t\n\t\t\t\t\t<a href=\"https:\/\/www.dracmallorca.com\/alquiler\/casa-santanyi-b-casa-reiet-308843.html\" rel=\"nofollow\" style=\"width: 23%;\">\n\t\t\t\t\t\t<div class=\"apartamento-box\">\n\t\t\t\t\t\t\t<div class=\"imagen_recomendados\">\n\t\t\t\t\t\t\t\t<img decoding=\"async\" src=\"https:\/\/crs.avantio.com\/fotos\/2\/1579013034b1d79dd48f5850ba06e9ebdee6c6bbf7\/big1765458036fe5188b1d8fa54b65747f36d247f3866.jpg\" alt=\"Casa Reiet by dracmallorca\">\n\t\t\t\t\t\t\t<\/div>\n\t\t\t\t\t\t\t<div class=\"info\">\n\t\t\t\t\t\t\t\t<div class=\"ubicacion\">\n\t\t\t\t\t\t\t\t\t<i class=\"fa-solid fa-location-dot icono-mapa\"><\/i><span class=\"ubicacion-texto\">Santanyi - Mallorca<\/span>\n\t\t\t\t\t\t\t\t<\/div>\n\t\t\t\t\t\t\t\t<H3 class=\"titulo-alojamiento\">\n\t\t\t\t\t\t\t\t\tCasa Reiet by dracmallorca\t\t\t\t\t\t\t\t<\/H3>\n\t\t\t\t\t\t\t\t<p class=\"precio-alojamiento\">Desde <span class=\"precio\">330.60\u20ac<\/span> por noche<\/p>\n\t\t\t\t\t\t\t<\/div>\n\t\t\t\t\t\t<\/div>\n\t\t\t\t\t<\/a> \n\t\t\t\t\t\t\t\t<\/div>\n\t\t\t<\/div>\n\t\t\t\t\t\t<\/div>\n\t\t\t\t<\/div>\n\t\t\t\t\t<\/div>\n\t\t\t\t<\/div>\n\t\t<div class=\"elementor-element elementor-element-b6c1c39 e-flex e-con-boxed e-con e-parent\" data-id=\"b6c1c39\" data-element_type=\"container\" data-e-type=\"container\">\n\t\t\t\t\t<div class=\"e-con-inner\">\n\t\t\t\t<div class=\"elementor-element elementor-element-0840c4a elementor-widget elementor-widget-heading\" data-id=\"0840c4a\" data-element_type=\"widget\" data-e-type=\"widget\" data-widget_type=\"heading.default\">\n\t\t\t\t<div class=\"elementor-widget-container\">\n\t\t\t\t\t<h2 class=\"elementor-heading-title elementor-size-default\">Alojamientos familiares en el sur de Mallorca<\/h2>\t\t\t\t<\/div>\n\t\t\t\t<\/div>\n\t\t\t\t<div class=\"elementor-element elementor-element-0c89fca elementor-widget elementor-widget-grid\" data-id=\"0c89fca\" data-element_type=\"widget\" data-e-type=\"widget\" data-widget_type=\"grid.default\">\n\t\t\t\t<div class=\"elementor-widget-container\">\n\t\t\t\t\t\t\t<div class=\"its--row alojamientos-recomendados\">\n\n\t\t\t<div class=\"alojamientos-recomendados-container\">\n\n\t\t\t\t\t\n\t\t\t\t\t<a href=\"https:\/\/www.dracmallorca.com\/alquiler\/finca-santanyi-b-son-sec-308531.html\" rel=\"nofollow\" style=\"width: 23%;\">\n\t\t\t\t\t\t<div class=\"apartamento-box\">\n\t\t\t\t\t\t\t<div class=\"imagen_recomendados\">\n\t\t\t\t\t\t\t\t<img decoding=\"async\" src=\"https:\/\/crs.avantio.com\/fotos\/2\/15789218995e7b88f31f9a5ecb5a53d9c6c22a3ac8\/big168233930248399c28c2198ad2564bcee8c156da79.jpg\" alt=\"Son Sec by dracmallorca\">\n\t\t\t\t\t\t\t<\/div>\n\t\t\t\t\t\t\t<div class=\"info\">\n\t\t\t\t\t\t\t\t<div class=\"ubicacion\">\n\t\t\t\t\t\t\t\t\t<i class=\"fa-solid fa-location-dot icono-mapa\"><\/i><span class=\"ubicacion-texto\">Santanyi - Mallorca<\/span>\n\t\t\t\t\t\t\t\t<\/div>\n\t\t\t\t\t\t\t\t<H3 class=\"titulo-alojamiento\">\n\t\t\t\t\t\t\t\t\tSon Sec by dracmallorca\t\t\t\t\t\t\t\t<\/H3>\n\t\t\t\t\t\t\t\t<p class=\"precio-alojamiento\">Desde <span class=\"precio\">165.30\u20ac<\/span> por noche<\/p>\n\t\t\t\t\t\t\t<\/div>\n\t\t\t\t\t\t<\/div>\n\t\t\t\t\t<\/a> \n\t\t\t\t\t\t\n\t\t\t\t\t<a href=\"https:\/\/www.dracmallorca.com\/alquiler\/casa-cala-santanyi-d-sa-marina-308544.html\" rel=\"nofollow\" style=\"width: 23%;\">\n\t\t\t\t\t\t<div class=\"apartamento-box\">\n\t\t\t\t\t\t\t<div class=\"imagen_recomendados\">\n\t\t\t\t\t\t\t\t<img decoding=\"async\" src=\"https:\/\/crs.avantio.com\/fotos\/2\/1578663388357509ad80d8dbffd52d56849b49104d\/big159377072942bc7ff17b75724505c88f084abe0370.jpg\" alt=\"Sa Marina by dracmallorca\">\n\t\t\t\t\t\t\t<\/div>\n\t\t\t\t\t\t\t<div class=\"info\">\n\t\t\t\t\t\t\t\t<div class=\"ubicacion\">\n\t\t\t\t\t\t\t\t\t<i class=\"fa-solid fa-location-dot icono-mapa\"><\/i><span class=\"ubicacion-texto\">Cala Santanyi - Mallorca<\/span>\n\t\t\t\t\t\t\t\t<\/div>\n\t\t\t\t\t\t\t\t<H3 class=\"titulo-alojamiento\">\n\t\t\t\t\t\t\t\t\tSa Marina by dracmallorca\t\t\t\t\t\t\t\t<\/H3>\n\t\t\t\t\t\t\t\t<p class=\"precio-alojamiento\">Desde <span class=\"precio\">152.70\u20ac<\/span> por noche<\/p>\n\t\t\t\t\t\t\t<\/div>\n\t\t\t\t\t\t<\/div>\n\t\t\t\t\t<\/a> \n\t\t\t\t\t\t\n\t\t\t\t\t<a href=\"https:\/\/www.dracmallorca.com\/alquiler\/casa-santanyi-b-casa-reiet-308843.html\" rel=\"nofollow\" style=\"width: 23%;\">\n\t\t\t\t\t\t<div class=\"apartamento-box\">\n\t\t\t\t\t\t\t<div class=\"imagen_recomendados\">\n\t\t\t\t\t\t\t\t<img decoding=\"async\" src=\"https:\/\/crs.avantio.com\/fotos\/2\/1579013034b1d79dd48f5850ba06e9ebdee6c6bbf7\/big1765458036fe5188b1d8fa54b65747f36d247f3866.jpg\" alt=\"Casa Reiet by dracmallorca\">\n\t\t\t\t\t\t\t<\/div>\n\t\t\t\t\t\t\t<div class=\"info\">\n\t\t\t\t\t\t\t\t<div class=\"ubicacion\">\n\t\t\t\t\t\t\t\t\t<i class=\"fa-solid fa-location-dot icono-mapa\"><\/i><span class=\"ubicacion-texto\">Santanyi - Mallorca<\/span>\n\t\t\t\t\t\t\t\t<\/div>\n\t\t\t\t\t\t\t\t<H3 class=\"titulo-alojamiento\">\n\t\t\t\t\t\t\t\t\tCasa Reiet by dracmallorca\t\t\t\t\t\t\t\t<\/H3>\n\t\t\t\t\t\t\t\t<p class=\"precio-alojamiento\">Desde <span class=\"precio\">330.60\u20ac<\/span> por noche<\/p>\n\t\t\t\t\t\t\t<\/div>\n\t\t\t\t\t\t<\/div>\n\t\t\t\t\t<\/a> \n\t\t\t\t\t\t\n\t\t\t\t\t<a href=\"https:\/\/www.dracmallorca.com\/alquiler\/finca-santanyi-e-sa-bassa-llova-309130.html\" rel=\"nofollow\" style=\"width: 23%;\">\n\t\t\t\t\t\t<div class=\"apartamento-box\">\n\t\t\t\t\t\t\t<div class=\"imagen_recomendados\">\n\t\t\t\t\t\t\t\t<img decoding=\"async\" src=\"https:\/\/crs.avantio.com\/fotos\/2\/15791841752400c5f2e5d7a3dc6f7b10614916ded9\/big1747129279d66a0e43d7ab393d74d985cb15d17fb2.jpg\" alt=\"Sa Bassa Llova by dracmallorca\">\n\t\t\t\t\t\t\t<\/div>\n\t\t\t\t\t\t\t<div class=\"info\">\n\t\t\t\t\t\t\t\t<div class=\"ubicacion\">\n\t\t\t\t\t\t\t\t\t<i class=\"fa-solid fa-location-dot icono-mapa\"><\/i><span class=\"ubicacion-texto\">Santanyi - Mallorca<\/span>\n\t\t\t\t\t\t\t\t<\/div>\n\t\t\t\t\t\t\t\t<H3 class=\"titulo-alojamiento\">\n\t\t\t\t\t\t\t\t\tSa Bassa Llova by dracmallorca\t\t\t\t\t\t\t\t<\/H3>\n\t\t\t\t\t\t\t\t<p class=\"precio-alojamiento\">Desde <span class=\"precio\">219.68\u20ac<\/span> por noche<\/p>\n\t\t\t\t\t\t\t<\/div>\n\t\t\t\t\t\t<\/div>\n\t\t\t\t\t<\/a> \n\t\t\t\t\t\t\t\t<\/div>\n\t\t\t<\/div>\n\t\t\t\t\t\t<\/div>\n\t\t\t\t<\/div>\n\t\t\t\t\t<\/div>\n\t\t\t\t<\/div>\n\t\t<div class=\"elementor-element elementor-element-c17b2b0 e-flex e-con-boxed e-con e-parent\" data-id=\"c17b2b0\" data-element_type=\"container\" data-e-type=\"container\" data-settings=\"{&quot;background_background&quot;:&quot;classic&quot;}\">\n\t\t\t\t\t<div class=\"e-con-inner\">\n\t\t<div class=\"elementor-element elementor-element-d7ff9d6 e-con-full e-flex e-con e-child\" data-id=\"d7ff9d6\" data-element_type=\"container\" data-e-type=\"container\">\n\t\t\t\t<div class=\"elementor-element elementor-element-05fcb2a elementor-widget elementor-widget-heading\" data-id=\"05fcb2a\" data-element_type=\"widget\" data-e-type=\"widget\" data-widget_type=\"heading.default\">\n\t\t\t\t<div class=\"elementor-widget-container\">\n\t\t\t\t\t<h2 class=\"elementor-heading-title elementor-size-default\">Todo sobre Cala Llombards<\/h2>\t\t\t\t<\/div>\n\t\t\t\t<\/div>\n\t\t\t\t<div class=\"elementor-element elementor-element-108b924 elementor-widget-divider--view-line elementor-widget elementor-widget-divider\" data-id=\"108b924\" data-element_type=\"widget\" data-e-type=\"widget\" data-widget_type=\"divider.default\">\n\t\t\t\t<div class=\"elementor-widget-container\">\n\t\t\t\t\t\t\t<div class=\"elementor-divider\">\n\t\t\t<span class=\"elementor-divider-separator\">\n\t\t\t\t\t\t<\/span>\n\t\t<\/div>\n\t\t\t\t\t\t<\/div>\n\t\t\t\t<\/div>\n\t\t\t\t<\/div>\n\t\t<div class=\"elementor-element elementor-element-03fb800 e-con-full e-flex e-con e-child\" data-id=\"03fb800\" data-element_type=\"container\" data-e-type=\"container\">\n\t\t\t\t<div class=\"elementor-element elementor-element-a317aca elementor-widget elementor-widget-heading\" data-id=\"a317aca\" data-element_type=\"widget\" data-e-type=\"widget\" data-widget_type=\"heading.default\">\n\t\t\t\t<div class=\"elementor-widget-container\">\n\t\t\t\t\t<h3 class=\"elementor-heading-title elementor-size-default\">\u00bfPor qu\u00e9 visitar Cala Llombards?<\/h3>\t\t\t\t<\/div>\n\t\t\t\t<\/div>\n\t\t\t\t<\/div>\n\t\t<div class=\"elementor-element elementor-element-29c756d e-con-full e-flex e-con e-child\" data-id=\"29c756d\" data-element_type=\"container\" data-e-type=\"container\">\n\t\t\t\t<div class=\"elementor-element elementor-element-46a4514 elementor-widget elementor-widget-text-editor\" data-id=\"46a4514\" data-element_type=\"widget\" data-e-type=\"widget\" data-widget_type=\"text-editor.default\">\n\t\t\t\t<div class=\"elementor-widget-container\">\n\t\t\t\t\t\t\t\t\t<div class=\"md:col-span-8 text-gray-600 leading-relaxed text-sm md:text-base\">\n\nCala Llombards es un pintoresco pueblo costero ubicado en el sureste de Mallorca. Su belleza natural y su tranquila atm\u00f3sfera atraen a quienes buscan un destino m\u00e1s relajado y alejado del bullicio tur\u00edstico. Con sus playas de aguas turquesas y rodeada de impresionantes acantilados, es el lugar ideal para disfrutar de unos d\u00edas de descanso en nuestras <strong>casas vacacionales<\/strong> en pareja o en familia.\n\n<\/div>\t\t\t\t\t\t\t\t<\/div>\n\t\t\t\t<\/div>\n\t\t\t\t<\/div>\n\t\t<div class=\"elementor-element elementor-element-a7b3d51 e-con-full e-flex e-con e-child\" data-id=\"a7b3d51\" data-element_type=\"container\" data-e-type=\"container\">\n\t\t\t\t<div class=\"elementor-element elementor-element-c06496c elementor-widget elementor-widget-heading\" data-id=\"c06496c\" data-element_type=\"widget\" data-e-type=\"widget\" data-widget_type=\"heading.default\">\n\t\t\t\t<div class=\"elementor-widget-container\">\n\t\t\t\t\t<h3 class=\"elementor-heading-title elementor-size-default\">Tiempo<\/h3>\t\t\t\t<\/div>\n\t\t\t\t<\/div>\n\t\t\t\t<\/div>\n\t\t<div class=\"elementor-element elementor-element-84cbd32 e-con-full e-flex e-con e-child\" data-id=\"84cbd32\" data-element_type=\"container\" data-e-type=\"container\">\n\t\t\t\t<div class=\"elementor-element elementor-element-3003d15 elementor-widget elementor-widget-text-editor\" data-id=\"3003d15\" data-element_type=\"widget\" data-e-type=\"widget\" data-widget_type=\"text-editor.default\">\n\t\t\t\t<div class=\"elementor-widget-container\">\n\t\t\t\t\t\t\t\t\t<div class=\"md:col-span-8\"><ul class=\"space-y-4 text-gray-600 text-sm md:text-base\"><li class=\"flex items-start\"><strong>Primavera (marzo a mayo):<\/strong> Un clima agradable con menos turistas, ideal para relajarse y disfrutar de la tranquilidad.<\/li><li class=\"flex items-start\"><strong>Verano (junio a agosto):<\/strong> La temporada alta, perfecta para quienes buscan disfrutar del mar y las actividades al aire libre.<\/li><li class=\"flex items-start\"><strong>Oto\u00f1o (septiembre a noviembre):<\/strong> Temperaturas suaves, menos aglomeraciones y un ambiente m\u00e1s tranquilo.<\/li><\/ul><\/div>\t\t\t\t\t\t\t\t<\/div>\n\t\t\t\t<\/div>\n\t\t\t\t<\/div>\n\t\t<div class=\"elementor-element elementor-element-73cbd9a e-con-full e-flex e-con e-child\" data-id=\"73cbd9a\" data-element_type=\"container\" data-e-type=\"container\">\n\t\t\t\t<div class=\"elementor-element elementor-element-ba8b4b1 elementor-widget elementor-widget-heading\" data-id=\"ba8b4b1\" data-element_type=\"widget\" data-e-type=\"widget\" data-widget_type=\"heading.default\">\n\t\t\t\t<div class=\"elementor-widget-container\">\n\t\t\t\t\t<h3 class=\"elementor-heading-title elementor-size-default\">Consejos y recomendaciones<\/h3>\t\t\t\t<\/div>\n\t\t\t\t<\/div>\n\t\t\t\t<\/div>\n\t\t<div class=\"elementor-element elementor-element-232ca77 e-con-full e-flex e-con e-child\" data-id=\"232ca77\" data-element_type=\"container\" data-e-type=\"container\">\n\t\t\t\t<div class=\"elementor-element elementor-element-853eb15 elementor-widget elementor-widget-text-editor\" data-id=\"853eb15\" data-element_type=\"widget\" data-e-type=\"widget\" data-widget_type=\"text-editor.default\">\n\t\t\t\t<div class=\"elementor-widget-container\">\n\t\t\t\t\t\t\t\t\t<div class=\"md:col-span-8\"><ul class=\"space-y-3 text-gray-600 text-sm md:text-base\"><li class=\"flex items-start\">Rel\u00e1jate en las playas de Cala Llombards y Cala S&#8217;Almunia.<\/li><li class=\"flex items-start\">Disfruta de las vistas panor\u00e1micas desde los acantilados cercanos.<\/li><li class=\"flex items-start\">Realiza rutas de senderismo para explorar la naturaleza mallorquina.<\/li><li class=\"flex items-start\">Visita los encantadores pueblos cercanos, como Santany\u00ed y su mercado local.<\/li><li class=\"flex items-start\">Haz un recorrido por la isla en coche para descubrir otras calas y pueblos pintorescos.<\/li><li class=\"flex items-start\">Disfruta de la gastronom\u00eda local en los restaurantes frente al mar.<\/li><\/ul><\/div>\t\t\t\t\t\t\t\t<\/div>\n\t\t\t\t<\/div>\n\t\t\t\t<\/div>\n\t\t\t\t\t<\/div>\n\t\t\t\t<\/div>\n\t\t<div class=\"elementor-element elementor-element-13b9daa e-flex e-con-boxed e-con e-parent\" data-id=\"13b9daa\" data-element_type=\"container\" data-e-type=\"container\">\n\t\t\t\t\t<div class=\"e-con-inner\">\n\t\t<div class=\"elementor-element elementor-element-70cc933 e-con-full e-flex e-con e-child\" data-id=\"70cc933\" data-element_type=\"container\" data-e-type=\"container\" data-settings=\"{&quot;background_background&quot;:&quot;classic&quot;}\">\n\t\t\t\t<div class=\"elementor-element elementor-element-04251c4 elementor-widget elementor-widget-heading\" data-id=\"04251c4\" data-element_type=\"widget\" data-e-type=\"widget\" data-widget_type=\"heading.default\">\n\t\t\t\t<div class=\"elementor-widget-container\">\n\t\t\t\t\t<h2 class=\"elementor-heading-title elementor-size-default\">Reserva tu casa vacacional en Cala Llombards<\/h2>\t\t\t\t<\/div>\n\t\t\t\t<\/div>\n\t\t\t\t<div class=\"elementor-element elementor-element-f828114 elementor-align-center elementor-widget elementor-widget-button\" data-id=\"f828114\" data-element_type=\"widget\" data-e-type=\"widget\" data-widget_type=\"button.default\">\n\t\t\t\t<div class=\"elementor-widget-container\">\n\t\t\t\t\t\t\t\t\t<div class=\"elementor-button-wrapper\">\n\t\t\t\t\t<a class=\"elementor-button elementor-button-link elementor-size-sm\" href=\"https:\/\/www.dracmallorca.com\/alquiler\/alquileres-cala-llombards-d464193\/\">\n\t\t\t\t\t\t<span class=\"elementor-button-content-wrapper\">\n\t\t\t\t\t\t\t\t\t<span class=\"elementor-button-text\">Ver alojamientos<\/span>\n\t\t\t\t\t<\/span>\n\t\t\t\t\t<\/a>\n\t\t\t\t<\/div>\n\t\t\t\t\t\t\t\t<\/div>\n\t\t\t\t<\/div>\n\t\t\t\t<\/div>\n\t\t\t\t\t<\/div>\n\t\t\t\t<\/div>\n\t\t<div class=\"elementor-element elementor-element-e8956c4 e-flex e-con-boxed e-con e-parent\" data-id=\"e8956c4\" data-element_type=\"container\" data-e-type=\"container\">\n\t\t\t\t\t<div class=\"e-con-inner\">\n\t\t\t\t<div class=\"elementor-element elementor-element-de0f96f elementor-widget elementor-widget-heading\" data-id=\"de0f96f\" data-element_type=\"widget\" data-e-type=\"widget\" data-widget_type=\"heading.default\">\n\t\t\t\t<div class=\"elementor-widget-container\">\n\t\t\t\t\t<h2 class=\"elementor-heading-title elementor-size-default\">Preguntas Frecuentes sobre casas vacacionales en Cala Llombards<\/h2>\t\t\t\t<\/div>\n\t\t\t\t<\/div>\n\t\t\t\t\t<\/div>\n\t\t\t\t<\/div>\n\t\t<div class=\"elementor-element elementor-element-adfb693 e-flex e-con-boxed e-con e-parent\" data-id=\"adfb693\" data-element_type=\"container\" data-e-type=\"container\">\n\t\t\t\t\t<div class=\"e-con-inner\">\n\t\t\t\t<div class=\"elementor-element elementor-element-67cf6cb elementor-widget elementor-widget-text-editor\" data-id=\"67cf6cb\" data-element_type=\"widget\" data-e-type=\"widget\" data-widget_type=\"text-editor.default\">\n\t\t\t\t<div class=\"elementor-widget-container\">\n\t\t\t\t\t\t\t\t\t<h3>\u00bfPor qu\u00e9 elegir Cala Llombards como destino de vacaciones?<\/h3><p>Cala Llombards es un destino \u00fanico por su tranquilidad, belleza natural y cercan\u00eda a algunas de las mejores playas y calas de Mallorca. Es ideal para familias y parejas que buscan una escapatoria relajante lejos del turismo de masas.<\/p><h3>\u00bfSon adecuados los alojamientos para familias y grupos grandes?<\/h3><p>Cala Llombards est\u00e1 a aproximadamente 50 minutos en coche desde el aeropuerto o el centro de Palma de Mallorca, a trav\u00e9s de la carretera MA-6100. Es recomendable alquilar un coche para moverse con libertad, aunque tambi\u00e9n es posible utilizar transporte p\u00fablico combinando autob\u00fas y taxi.<\/p><h3>\u00bfQu\u00e9 grado de comodidad ofrecen las casas en Cala Llombards?<\/h3><div class=\"text-gray-600 leading-relaxed space-y-4 text-sm md:text-base\"><p>Nuestros alojamientos vacacionales en <strong>Cala Llombards<\/strong> ofrecen un alto nivel de comodidad, dise\u00f1ados para que te sientas como en casa. Todos est\u00e1n equipados con modernas instalaciones, cocinas completas, ba\u00f1os privados, lavadoras y conexi\u00f3n WiFi gratuita.<\/p><p>La decoraci\u00f3n es moderna y acogedora, con detalles tradicionales mallorquines que crean un ambiente aut\u00e9ntico. Cada espacio est\u00e1 pensado para ofrecer privacidad y relajaci\u00f3n en un entorno natural.<\/p><p>Adem\u00e1s, la ubicaci\u00f3n es inmejorable. Al estar situados cerca de playas como la propia Cala Llombards o <strong>Cala S\u2019Almunia<\/strong>, tendr\u00e1s f\u00e1cil acceso a los principales puntos de inter\u00e9s y rutas de senderismo de la zona.<\/p><\/div>\t\t\t\t\t\t\t\t<\/div>\n\t\t\t\t<\/div>\n\t\t\t\t\t<\/div>\n\t\t\t\t<\/div>\n\t\t<div class=\"elementor-element elementor-element-493e3014 e-flex e-con-boxed e-con e-parent\" data-id=\"493e3014\" data-element_type=\"container\" data-e-type=\"container\">\n\t\t\t\t\t<div class=\"e-con-inner\">\n\t\t<div class=\"elementor-element elementor-element-2f28568 e-con-full e-flex e-con e-child\" data-id=\"2f28568\" data-element_type=\"container\" data-e-type=\"container\">\n\t\t\t\t<div class=\"elementor-element elementor-element-11c1dba3 elementor-cta--skin-cover elementor-cta--valign-bottom elementor-animated-content elementor-bg-transform elementor-bg-transform-zoom-in elementor-widget elementor-widget-call-to-action\" data-id=\"11c1dba3\" data-element_type=\"widget\" data-e-type=\"widget\" data-widget_type=\"call-to-action.default\">\n\t\t\t\t<div class=\"elementor-widget-container\">\n\t\t\t\t\t\t\t<div class=\"elementor-cta\">\n\t\t\t\t\t<div class=\"elementor-cta__bg-wrapper\">\n\t\t\t\t<div class=\"elementor-cta__bg elementor-bg\" style=\"background-image: url(https:\/\/www.dracmallorca.com\/blog\/wp-content\/uploads\/2023\/12\/cala-figueras-1920x630.jpg);\" role=\"img\" aria-label=\"cala figueras\"><\/div>\n\t\t\t\t<div class=\"elementor-cta__bg-overlay\"><\/div>\n\t\t\t<\/div>\n\t\t\t\t\t\t\t<div class=\"elementor-cta__content\">\n\t\t\t\t\n\t\t\t\t\n\t\t\t\t\n\t\t\t\t\t\t\t\t\t<div class=\"elementor-cta__button-wrapper elementor-cta__content-item elementor-content-item elementor-animated-item--grow\">\n\t\t\t\t\t<a class=\"elementor-cta__button elementor-button elementor-size-\">\n\t\t\t\t\t\tCala Figueras\t\t\t\t\t<\/a>\n\t\t\t\t\t<\/div>\n\t\t\t\t\t\t\t<\/div>\n\t\t\t\t\t\t<\/div>\n\t\t\t\t\t\t<\/div>\n\t\t\t\t<\/div>\n\t\t\t\t<\/div>\n\t\t<div class=\"elementor-element elementor-element-34ea6b92 e-con-full e-flex e-con e-child\" data-id=\"34ea6b92\" data-element_type=\"container\" data-e-type=\"container\">\n\t\t\t\t<div class=\"elementor-element elementor-element-73549f03 elementor-cta--skin-cover elementor-cta--valign-bottom elementor-animated-content elementor-bg-transform elementor-bg-transform-zoom-in elementor-widget elementor-widget-call-to-action\" data-id=\"73549f03\" data-element_type=\"widget\" data-e-type=\"widget\" data-widget_type=\"call-to-action.default\">\n\t\t\t\t<div class=\"elementor-widget-container\">\n\t\t\t\t\t\t\t<div class=\"elementor-cta\">\n\t\t\t\t\t<div class=\"elementor-cta__bg-wrapper\">\n\t\t\t\t<div class=\"elementor-cta__bg elementor-bg\" style=\"background-image: url(https:\/\/www.dracmallorca.com\/blog\/wp-content\/uploads\/2023\/12\/Cala-Santanyi-1920x630.jpg);\" role=\"img\" aria-label=\"Cala Santanyi\"><\/div>\n\t\t\t\t<div class=\"elementor-cta__bg-overlay\"><\/div>\n\t\t\t<\/div>\n\t\t\t\t\t\t\t<div class=\"elementor-cta__content\">\n\t\t\t\t\n\t\t\t\t\n\t\t\t\t\n\t\t\t\t\t\t\t\t\t<div class=\"elementor-cta__button-wrapper elementor-cta__content-item elementor-content-item elementor-animated-item--grow\">\n\t\t\t\t\t<a class=\"elementor-cta__button elementor-button elementor-size-\">\n\t\t\t\t\t\tCala Santanyi\t\t\t\t\t<\/a>\n\t\t\t\t\t<\/div>\n\t\t\t\t\t\t\t<\/div>\n\t\t\t\t\t\t<\/div>\n\t\t\t\t\t\t<\/div>\n\t\t\t\t<\/div>\n\t\t\t\t<\/div>\n\t\t<div class=\"elementor-element elementor-element-72851e24 e-con-full e-flex e-con e-child\" data-id=\"72851e24\" data-element_type=\"container\" data-e-type=\"container\">\n\t\t\t\t<div class=\"elementor-element elementor-element-2693390d elementor-cta--skin-cover elementor-cta--valign-bottom elementor-animated-content elementor-bg-transform elementor-bg-transform-zoom-in elementor-widget elementor-widget-call-to-action\" data-id=\"2693390d\" data-element_type=\"widget\" data-e-type=\"widget\" data-widget_type=\"call-to-action.default\">\n\t\t\t\t<div class=\"elementor-widget-container\">\n\t\t\t\t\t\t\t<div class=\"elementor-cta\">\n\t\t\t\t\t<div class=\"elementor-cta__bg-wrapper\">\n\t\t\t\t<div class=\"elementor-cta__bg elementor-bg\" style=\"background-image: url(https:\/\/www.dracmallorca.com\/blog\/wp-content\/uploads\/2023\/12\/Santanyi-1920x630.jpg);\" role=\"img\" aria-label=\"Santanyi\"><\/div>\n\t\t\t\t<div class=\"elementor-cta__bg-overlay\"><\/div>\n\t\t\t<\/div>\n\t\t\t\t\t\t\t<div class=\"elementor-cta__content\">\n\t\t\t\t\n\t\t\t\t\n\t\t\t\t\n\t\t\t\t\t\t\t\t\t<div class=\"elementor-cta__button-wrapper elementor-cta__content-item elementor-content-item elementor-animated-item--grow\">\n\t\t\t\t\t<a class=\"elementor-cta__button elementor-button elementor-size-\">\n\t\t\t\t\t\tSantanyi\t\t\t\t\t<\/a>\n\t\t\t\t\t<\/div>\n\t\t\t\t\t\t\t<\/div>\n\t\t\t\t\t\t<\/div>\n\t\t\t\t\t\t<\/div>\n\t\t\t\t<\/div>\n\t\t\t\t<\/div>\n\t\t\t\t\t<\/div>\n\t\t\t\t<\/div>\n\t\t\t\t<\/div>\n\t\t","protected":false},"excerpt":{"rendered":"<p>Encuentra las mejores casas de vacaciones en Cala Llombards cerca de la playa y disfruta de la tranquilidad del Mediterr\u00e1neo.<\/p>\n","protected":false},"author":3,"featured_media":0,"parent":0,"menu_order":0,"comment_status":"closed","ping_status":"closed","template":"","meta":{"footnotes":""},"class_list":["post-4165","page","type-page","status-publish","hentry"],"yoast_head":"<!-- This site is optimized with the Yoast SEO plugin v27.4 - https:\/\/yoast.com\/product\/yoast-seo-wordpress\/ -->\n<title>Casas vacacionales en Cala Llombards - Experiencias y actividades en Mallorca<\/title>\n<meta name=\"description\" content=\"Encuentra las mejores casas de vacaciones en Cala Llombards cerca de la playa y disfruta de la tranquilidad del Mediterr\u00e1neo.\" \/>\n<meta name=\"robots\" content=\"index, follow, max-snippet:-1, max-image-preview:large, max-video-preview:-1\" \/>\n<link rel=\"canonical\" href=\"https:\/\/www.dracmallorca.com\/blog\/es\/casas-vacacionales-en-cala-llombards\/\" \/>\n<meta property=\"og:locale\" content=\"es_ES\" \/>\n<meta property=\"og:type\" content=\"article\" \/>\n<meta property=\"og:title\" content=\"Casas vacacionales en Cala Llombards - Experiencias y actividades en Mallorca\" \/>\n<meta property=\"og:description\" content=\"Encuentra las mejores casas de vacaciones en Cala Llombards cerca de la playa y disfruta de la tranquilidad del Mediterr\u00e1neo.\" \/>\n<meta property=\"og:url\" content=\"https:\/\/www.dracmallorca.com\/blog\/es\/casas-vacacionales-en-cala-llombards\/\" \/>\n<meta property=\"og:site_name\" content=\"Experiencias y actividades en Mallorca\" \/>\n<meta property=\"article:modified_time\" content=\"2026-04-07T09:41:47+00:00\" \/>\n<meta property=\"og:image\" content=\"https:\/\/crs.avantio.com\/fotos\/2\/157848893219f7507dfb1bf81d589791cf33c84ca6\/big16575375781bc753ef4c125cb8bd50bf9f0e98c61f.jpg\" \/>\n<meta name=\"twitter:card\" content=\"summary_large_image\" \/>\n<meta name=\"twitter:label1\" content=\"Tiempo de lectura\" \/>\n\t<meta name=\"twitter:data1\" content=\"8 minutos\" \/>\n<script type=\"application\/ld+json\" class=\"yoast-schema-graph\">{\"@context\":\"https:\\\/\\\/schema.org\",\"@graph\":[{\"@type\":\"WebPage\",\"@id\":\"https:\\\/\\\/www.dracmallorca.com\\\/blog\\\/es\\\/casas-vacacionales-en-cala-llombards\\\/\",\"url\":\"https:\\\/\\\/www.dracmallorca.com\\\/blog\\\/es\\\/casas-vacacionales-en-cala-llombards\\\/\",\"name\":\"Casas vacacionales en Cala Llombards - Experiencias y actividades en Mallorca\",\"isPartOf\":{\"@id\":\"https:\\\/\\\/www.dracmallorca.com\\\/blog\\\/#website\"},\"primaryImageOfPage\":{\"@id\":\"https:\\\/\\\/www.dracmallorca.com\\\/blog\\\/es\\\/casas-vacacionales-en-cala-llombards\\\/#primaryimage\"},\"image\":{\"@id\":\"https:\\\/\\\/www.dracmallorca.com\\\/blog\\\/es\\\/casas-vacacionales-en-cala-llombards\\\/#primaryimage\"},\"thumbnailUrl\":\"https:\\\/\\\/crs.avantio.com\\\/fotos\\\/2\\\/157848893219f7507dfb1bf81d589791cf33c84ca6\\\/big16575375781bc753ef4c125cb8bd50bf9f0e98c61f.jpg\",\"datePublished\":\"2026-01-16T10:09:13+00:00\",\"dateModified\":\"2026-04-07T09:41:47+00:00\",\"description\":\"Encuentra las mejores casas de vacaciones en Cala Llombards cerca de la playa y disfruta de la tranquilidad del Mediterr\u00e1neo.\",\"inLanguage\":\"es\",\"potentialAction\":[{\"@type\":\"ReadAction\",\"target\":[\"https:\\\/\\\/www.dracmallorca.com\\\/blog\\\/es\\\/casas-vacacionales-en-cala-llombards\\\/\"]}]},{\"@type\":\"ImageObject\",\"inLanguage\":\"es\",\"@id\":\"https:\\\/\\\/www.dracmallorca.com\\\/blog\\\/es\\\/casas-vacacionales-en-cala-llombards\\\/#primaryimage\",\"url\":\"https:\\\/\\\/crs.avantio.com\\\/fotos\\\/2\\\/157848893219f7507dfb1bf81d589791cf33c84ca6\\\/big16575375781bc753ef4c125cb8bd50bf9f0e98c61f.jpg\",\"contentUrl\":\"https:\\\/\\\/crs.avantio.com\\\/fotos\\\/2\\\/157848893219f7507dfb1bf81d589791cf33c84ca6\\\/big16575375781bc753ef4c125cb8bd50bf9f0e98c61f.jpg\"},{\"@type\":\"WebSite\",\"@id\":\"https:\\\/\\\/www.dracmallorca.com\\\/blog\\\/#website\",\"url\":\"https:\\\/\\\/www.dracmallorca.com\\\/blog\\\/\",\"name\":\"Experiencias y actividades en Mallorca\",\"description\":\"Drac Mallorca\",\"publisher\":{\"@id\":\"https:\\\/\\\/www.dracmallorca.com\\\/blog\\\/#organization\"},\"potentialAction\":[{\"@type\":\"SearchAction\",\"target\":{\"@type\":\"EntryPoint\",\"urlTemplate\":\"https:\\\/\\\/www.dracmallorca.com\\\/blog\\\/?s={search_term_string}\"},\"query-input\":{\"@type\":\"PropertyValueSpecification\",\"valueRequired\":true,\"valueName\":\"search_term_string\"}}],\"inLanguage\":\"es\"},{\"@type\":\"Organization\",\"@id\":\"https:\\\/\\\/www.dracmallorca.com\\\/blog\\\/#organization\",\"name\":\"Experiencias y actividades en Mallorca\",\"url\":\"https:\\\/\\\/www.dracmallorca.com\\\/blog\\\/\",\"logo\":{\"@type\":\"ImageObject\",\"inLanguage\":\"es\",\"@id\":\"https:\\\/\\\/www.dracmallorca.com\\\/blog\\\/#\\\/schema\\\/logo\\\/image\\\/\",\"url\":\"https:\\\/\\\/www.dracmallorca.com\\\/blog\\\/wp-content\\\/uploads\\\/2023\\\/11\\\/logo-8.png\",\"contentUrl\":\"https:\\\/\\\/www.dracmallorca.com\\\/blog\\\/wp-content\\\/uploads\\\/2023\\\/11\\\/logo-8.png\",\"width\":869,\"height\":248,\"caption\":\"Experiencias y actividades en Mallorca\"},\"image\":{\"@id\":\"https:\\\/\\\/www.dracmallorca.com\\\/blog\\\/#\\\/schema\\\/logo\\\/image\\\/\"}}]}<\/script>\n<!-- \/ Yoast SEO plugin. -->","yoast_head_json":{"title":"Casas vacacionales en Cala Llombards - Experiencias y actividades en Mallorca","description":"Encuentra las mejores casas de vacaciones en Cala Llombards cerca de la playa y disfruta de la tranquilidad del Mediterr\u00e1neo.","robots":{"index":"index","follow":"follow","max-snippet":"max-snippet:-1","max-image-preview":"max-image-preview:large","max-video-preview":"max-video-preview:-1"},"canonical":"https:\/\/www.dracmallorca.com\/blog\/es\/casas-vacacionales-en-cala-llombards\/","og_locale":"es_ES","og_type":"article","og_title":"Casas vacacionales en Cala Llombards - Experiencias y actividades en Mallorca","og_description":"Encuentra las mejores casas de vacaciones en Cala Llombards cerca de la playa y disfruta de la tranquilidad del Mediterr\u00e1neo.","og_url":"https:\/\/www.dracmallorca.com\/blog\/es\/casas-vacacionales-en-cala-llombards\/","og_site_name":"Experiencias y actividades en Mallorca","article_modified_time":"2026-04-07T09:41:47+00:00","og_image":[{"url":"https:\/\/crs.avantio.com\/fotos\/2\/157848893219f7507dfb1bf81d589791cf33c84ca6\/big16575375781bc753ef4c125cb8bd50bf9f0e98c61f.jpg","type":"","width":"","height":""}],"twitter_card":"summary_large_image","twitter_misc":{"Tiempo de lectura":"8 minutos"},"schema":{"@context":"https:\/\/schema.org","@graph":[{"@type":"WebPage","@id":"https:\/\/www.dracmallorca.com\/blog\/es\/casas-vacacionales-en-cala-llombards\/","url":"https:\/\/www.dracmallorca.com\/blog\/es\/casas-vacacionales-en-cala-llombards\/","name":"Casas vacacionales en Cala Llombards - Experiencias y actividades en Mallorca","isPartOf":{"@id":"https:\/\/www.dracmallorca.com\/blog\/#website"},"primaryImageOfPage":{"@id":"https:\/\/www.dracmallorca.com\/blog\/es\/casas-vacacionales-en-cala-llombards\/#primaryimage"},"image":{"@id":"https:\/\/www.dracmallorca.com\/blog\/es\/casas-vacacionales-en-cala-llombards\/#primaryimage"},"thumbnailUrl":"https:\/\/crs.avantio.com\/fotos\/2\/157848893219f7507dfb1bf81d589791cf33c84ca6\/big16575375781bc753ef4c125cb8bd50bf9f0e98c61f.jpg","datePublished":"2026-01-16T10:09:13+00:00","dateModified":"2026-04-07T09:41:47+00:00","description":"Encuentra las mejores casas de vacaciones en Cala Llombards cerca de la playa y disfruta de la tranquilidad del Mediterr\u00e1neo.","inLanguage":"es","potentialAction":[{"@type":"ReadAction","target":["https:\/\/www.dracmallorca.com\/blog\/es\/casas-vacacionales-en-cala-llombards\/"]}]},{"@type":"ImageObject","inLanguage":"es","@id":"https:\/\/www.dracmallorca.com\/blog\/es\/casas-vacacionales-en-cala-llombards\/#primaryimage","url":"https:\/\/crs.avantio.com\/fotos\/2\/157848893219f7507dfb1bf81d589791cf33c84ca6\/big16575375781bc753ef4c125cb8bd50bf9f0e98c61f.jpg","contentUrl":"https:\/\/crs.avantio.com\/fotos\/2\/157848893219f7507dfb1bf81d589791cf33c84ca6\/big16575375781bc753ef4c125cb8bd50bf9f0e98c61f.jpg"},{"@type":"WebSite","@id":"https:\/\/www.dracmallorca.com\/blog\/#website","url":"https:\/\/www.dracmallorca.com\/blog\/","name":"Experiencias y actividades en Mallorca","description":"Drac Mallorca","publisher":{"@id":"https:\/\/www.dracmallorca.com\/blog\/#organization"},"potentialAction":[{"@type":"SearchAction","target":{"@type":"EntryPoint","urlTemplate":"https:\/\/www.dracmallorca.com\/blog\/?s={search_term_string}"},"query-input":{"@type":"PropertyValueSpecification","valueRequired":true,"valueName":"search_term_string"}}],"inLanguage":"es"},{"@type":"Organization","@id":"https:\/\/www.dracmallorca.com\/blog\/#organization","name":"Experiencias y actividades en Mallorca","url":"https:\/\/www.dracmallorca.com\/blog\/","logo":{"@type":"ImageObject","inLanguage":"es","@id":"https:\/\/www.dracmallorca.com\/blog\/#\/schema\/logo\/image\/","url":"https:\/\/www.dracmallorca.com\/blog\/wp-content\/uploads\/2023\/11\/logo-8.png","contentUrl":"https:\/\/www.dracmallorca.com\/blog\/wp-content\/uploads\/2023\/11\/logo-8.png","width":869,"height":248,"caption":"Experiencias y actividades en Mallorca"},"image":{"@id":"https:\/\/www.dracmallorca.com\/blog\/#\/schema\/logo\/image\/"}}]}},"_links":{"self":[{"href":"https:\/\/www.dracmallorca.com\/blog\/es\/wp-json\/wp\/v2\/pages\/4165","targetHints":{"allow":["GET"]}}],"collection":[{"href":"https:\/\/www.dracmallorca.com\/blog\/es\/wp-json\/wp\/v2\/pages"}],"about":[{"href":"https:\/\/www.dracmallorca.com\/blog\/es\/wp-json\/wp\/v2\/types\/page"}],"author":[{"embeddable":true,"href":"https:\/\/www.dracmallorca.com\/blog\/es\/wp-json\/wp\/v2\/users\/3"}],"replies":[{"embeddable":true,"href":"https:\/\/www.dracmallorca.com\/blog\/es\/wp-json\/wp\/v2\/comments?post=4165"}],"version-history":[{"count":32,"href":"https:\/\/www.dracmallorca.com\/blog\/es\/wp-json\/wp\/v2\/pages\/4165\/revisions"}],"predecessor-version":[{"id":4737,"href":"https:\/\/www.dracmallorca.com\/blog\/es\/wp-json\/wp\/v2\/pages\/4165\/revisions\/4737"}],"wp:attachment":[{"href":"https:\/\/www.dracmallorca.com\/blog\/es\/wp-json\/wp\/v2\/media?parent=4165"}],"curies":[{"name":"wp","href":"https:\/\/api.w.org\/{rel}","templated":true}]}}