{"id":4682,"date":"2026-04-02T08:07:47","date_gmt":"2026-04-02T08:07:47","guid":{"rendered":"https:\/\/www.dracmallorca.com\/blog\/?page_id=4682"},"modified":"2026-04-02T08:10:28","modified_gmt":"2026-04-02T08:10:28","slug":"ferienhaeuser-in-cala-llombards","status":"publish","type":"page","link":"https:\/\/www.dracmallorca.com\/blog\/de\/ferienhaeuser-in-cala-llombards\/","title":{"rendered":"Ferienh\u00e4user in Cala Llombards"},"content":{"rendered":"\t\t<div data-elementor-type=\"wp-page\" data-elementor-id=\"4682\" class=\"elementor elementor-4682 elementor-4165\" data-elementor-post-type=\"page\">\n\t\t\t\t<div class=\"elementor-element elementor-element-99b6bbd e-con-full e-flex e-con e-parent\" data-id=\"99b6bbd\" data-element_type=\"container\" data-e-type=\"container\" data-settings=\"{&quot;background_background&quot;:&quot;classic&quot;}\">\n\t\t\t\t<div class=\"elementor-element elementor-element-49abafc elementor-widget elementor-widget-heading\" data-id=\"49abafc\" data-element_type=\"widget\" data-e-type=\"widget\" data-widget_type=\"heading.default\">\n\t\t\t\t<div class=\"elementor-widget-container\">\n\t\t\t\t\t<h1 class=\"elementor-heading-title elementor-size-default\">Ferienh\u00e4user Cala Llombards<\/h1>\t\t\t\t<\/div>\n\t\t\t\t<\/div>\n\t\t\t\t<div class=\"elementor-element elementor-element-f7f8e70 elementor-widget elementor-widget-heading\" data-id=\"f7f8e70\" data-element_type=\"widget\" data-e-type=\"widget\" data-widget_type=\"heading.default\">\n\t\t\t\t<div class=\"elementor-widget-container\">\n\t\t\t\t\t<h3 class=\"elementor-heading-title elementor-size-default\">Entdecken Sie eines der bestgeh\u00fcteten Geheimnisse Mallorcas<\/h3>\t\t\t\t<\/div>\n\t\t\t\t<\/div>\n\t\t\t\t<\/div>\n\t\t<div class=\"elementor-element elementor-element-b3d6318 e-flex e-con-boxed e-con e-parent\" data-id=\"b3d6318\" data-element_type=\"container\" data-e-type=\"container\">\n\t\t\t\t\t<div class=\"e-con-inner\">\n\t\t<div class=\"elementor-element elementor-element-8312d28 e-grid e-con-full e-con e-child\" data-id=\"8312d28\" data-element_type=\"container\" data-e-type=\"container\">\n\t\t<div class=\"elementor-element elementor-element-cfab85f e-con-full e-flex e-con e-child\" data-id=\"cfab85f\" data-element_type=\"container\" data-e-type=\"container\">\n\t\t\t\t<div class=\"elementor-element elementor-element-9cc6172 elementor-widget elementor-widget-heading\" data-id=\"9cc6172\" data-element_type=\"widget\" data-e-type=\"widget\" data-widget_type=\"heading.default\">\n\t\t\t\t<div class=\"elementor-widget-container\">\n\t\t\t\t\t<h2 class=\"elementor-heading-title elementor-size-default\"><a href=\"https:\/\/www.dracmallorca.com\/de\/vermietung\/vermietungen-mallorca-e21\/rang-bewertung\/\">Am besten bewertet<\/a><\/h2>\t\t\t\t<\/div>\n\t\t\t\t<\/div>\n\t\t\t\t<\/div>\n\t\t<div class=\"elementor-element elementor-element-3b532e9 e-con-full e-flex e-con e-child\" data-id=\"3b532e9\" data-element_type=\"container\" data-e-type=\"container\">\n\t\t\t\t<div class=\"elementor-element elementor-element-5e71238 elementor-widget elementor-widget-heading\" data-id=\"5e71238\" data-element_type=\"widget\" data-e-type=\"widget\" data-widget_type=\"heading.default\">\n\t\t\t\t<div class=\"elementor-widget-container\">\n\t\t\t\t\t<h2 class=\"elementor-heading-title elementor-size-default\"><a href=\"https:\/\/www.dracmallorca.com\/de\/vermietung\/vermietungen-mallorca-e21\/am-g%C3%BCnstigsten\/\">G\u00fcnstigste Angebote<\/a><\/h2>\t\t\t\t<\/div>\n\t\t\t\t<\/div>\n\t\t\t\t<\/div>\n\t\t<div class=\"elementor-element elementor-element-a0a7b70 e-con-full e-flex e-con e-child\" data-id=\"a0a7b70\" data-element_type=\"container\" data-e-type=\"container\">\n\t\t\t\t<div class=\"elementor-element elementor-element-ff51447 elementor-widget elementor-widget-heading\" data-id=\"ff51447\" data-element_type=\"widget\" data-e-type=\"widget\" data-widget_type=\"heading.default\">\n\t\t\t\t<div class=\"elementor-widget-container\">\n\t\t\t\t\t<h2 class=\"elementor-heading-title elementor-size-default\"><a href=\"https:\/\/www.dracmallorca.com\/de\/vermietung\/vermietungen-mallorca-e21\/am-teuersten\/\">Top-Unterk\u00fcnfte<\/a><\/h2>\t\t\t\t<\/div>\n\t\t\t\t<\/div>\n\t\t\t\t<\/div>\n\t\t<div class=\"elementor-element elementor-element-9346519 e-con-full e-flex e-con e-child\" data-id=\"9346519\" data-element_type=\"container\" data-e-type=\"container\">\n\t\t\t\t<div class=\"elementor-element elementor-element-da3f469 elementor-widget elementor-widget-heading\" data-id=\"da3f469\" data-element_type=\"widget\" data-e-type=\"widget\" data-widget_type=\"heading.default\">\n\t\t\t\t<div class=\"elementor-widget-container\">\n\t\t\t\t\t<h2 class=\"elementor-heading-title elementor-size-default\"><a href=\"https:\/\/www.dracmallorca.com\/de\/vermietung\/vermietungen-mallorca-e21\/tag-in-strandnahe\/\">In Strandn\u00e4he<\/a><\/h2>\t\t\t\t<\/div>\n\t\t\t\t<\/div>\n\t\t\t\t<\/div>\n\t\t\t\t<\/div>\n\t\t\t\t\t<\/div>\n\t\t\t\t<\/div>\n\t\t<div class=\"elementor-element elementor-element-e95dafe e-flex e-con-boxed e-con e-parent\" data-id=\"e95dafe\" data-element_type=\"container\" data-e-type=\"container\">\n\t\t\t\t\t<div class=\"e-con-inner\">\n\t\t\t\t<div class=\"elementor-element elementor-element-44c86cb elementor-widget elementor-widget-heading\" data-id=\"44c86cb\" data-element_type=\"widget\" data-e-type=\"widget\" data-widget_type=\"heading.default\">\n\t\t\t\t<div class=\"elementor-widget-container\">\n\t\t\t\t\t<h2 class=\"elementor-heading-title elementor-size-default\">Entdecken Sie die besten Ferienh\u00e4user in Cala Llombards<\/h2>\t\t\t\t<\/div>\n\t\t\t\t<\/div>\n\t\t\t\t<div class=\"elementor-element elementor-element-4dfbb9d elementor-widget elementor-widget-grid\" data-id=\"4dfbb9d\" data-element_type=\"widget\" data-e-type=\"widget\" data-widget_type=\"grid.default\">\n\t\t\t\t<div class=\"elementor-widget-container\">\n\t\t\t\t\t\t\t<div class=\"its--row alojamientos-recomendados\">\n\n\t\t\t<div class=\"alojamientos-recomendados-container\">\n\n\t\t\t\t\t\n\t\t\t\t\t<a href=\"https:\/\/www.dracmallorca.com\/de\/vermietung\/aparthotel-cala-santanyi-a-drac-1-308351.html\" rel=\"nofollow\" style=\"width: 23%;\">\n\t\t\t\t\t\t<div class=\"apartamento-box\">\n\t\t\t\t\t\t\t<div class=\"imagen_recomendados\">\n\t\t\t\t\t\t\t\t<img decoding=\"async\" src=\"https:\/\/crs.avantio.com\/fotos\/2\/157848893219f7507dfb1bf81d589791cf33c84ca6\/big16575375781bc753ef4c125cb8bd50bf9f0e98c61f.jpg\" alt=\"Drac 1 by dracmallorca\">\n\t\t\t\t\t\t\t<\/div>\n\t\t\t\t\t\t\t<div class=\"info\">\n\t\t\t\t\t\t\t\t<div class=\"ubicacion\">\n\t\t\t\t\t\t\t\t\t<i class=\"fa-solid fa-location-dot icono-mapa\"><\/i><span class=\"ubicacion-texto\">Cala Santanyi - Mallorca<\/span>\n\t\t\t\t\t\t\t\t<\/div>\n\t\t\t\t\t\t\t\t<H3 class=\"titulo-alojamiento\">\n\t\t\t\t\t\t\t\t\tDrac 1 by dracmallorca\t\t\t\t\t\t\t\t<\/H3>\n\t\t\t\t\t\t\t\t<p class=\"precio-alojamiento\">Aus <span class=\"precio\">116.28\u20ac<\/span> pro Nacht<\/p>\n\t\t\t\t\t\t\t<\/div>\n\t\t\t\t\t\t<\/div>\n\t\t\t\t\t<\/a> \n\t\t\t\t\t\t\n\t\t\t\t\t<a href=\"https:\/\/www.dracmallorca.com\/de\/vermietung\/finca-santanyi-b-son-garrot-308369.html\" rel=\"nofollow\" style=\"width: 23%;\">\n\t\t\t\t\t\t<div class=\"apartamento-box\">\n\t\t\t\t\t\t\t<div class=\"imagen_recomendados\">\n\t\t\t\t\t\t\t\t<img decoding=\"async\" src=\"https:\/\/crs.avantio.com\/fotos\/2\/1578495511e2021df89be371ad673652d3a1afa744\/big1683975212ab8af943f2182bc375f6ac7374eeb0e6.jpg\" alt=\"Son Garrot by dracmallorca\">\n\t\t\t\t\t\t\t<\/div>\n\t\t\t\t\t\t\t<div class=\"info\">\n\t\t\t\t\t\t\t\t<div class=\"ubicacion\">\n\t\t\t\t\t\t\t\t\t<i class=\"fa-solid fa-location-dot icono-mapa\"><\/i><span class=\"ubicacion-texto\">Santanyi - Mallorca<\/span>\n\t\t\t\t\t\t\t\t<\/div>\n\t\t\t\t\t\t\t\t<H3 class=\"titulo-alojamiento\">\n\t\t\t\t\t\t\t\t\tSon Garrot by dracmallorca\t\t\t\t\t\t\t\t<\/H3>\n\t\t\t\t\t\t\t\t<p class=\"precio-alojamiento\">Aus <span class=\"precio\">136.80\u20ac<\/span> pro Nacht<\/p>\n\t\t\t\t\t\t\t<\/div>\n\t\t\t\t\t\t<\/div>\n\t\t\t\t\t<\/a> \n\t\t\t\t\t\t\n\t\t\t\t\t<a href=\"https:\/\/www.dracmallorca.com\/de\/vermietung\/aparthotel-cala-santanyi-a-drac-2-308477.html\" rel=\"nofollow\" style=\"width: 23%;\">\n\t\t\t\t\t\t<div class=\"apartamento-box\">\n\t\t\t\t\t\t\t<div class=\"imagen_recomendados\">\n\t\t\t\t\t\t\t\t<img decoding=\"async\" src=\"https:\/\/crs.avantio.com\/fotos\/2\/15785843936416bd0ff2f77debe7e15c3769f0f280\/big165753767413ff2f2ae54d6fc3ee2cfa399d0bca05.jpg\" alt=\"Drac 2 by dracmallorca\">\n\t\t\t\t\t\t\t<\/div>\n\t\t\t\t\t\t\t<div class=\"info\">\n\t\t\t\t\t\t\t\t<div class=\"ubicacion\">\n\t\t\t\t\t\t\t\t\t<i class=\"fa-solid fa-location-dot icono-mapa\"><\/i><span class=\"ubicacion-texto\">Cala Santanyi - Mallorca<\/span>\n\t\t\t\t\t\t\t\t<\/div>\n\t\t\t\t\t\t\t\t<H3 class=\"titulo-alojamiento\">\n\t\t\t\t\t\t\t\t\tDrac 2 by dracmallorca\t\t\t\t\t\t\t\t<\/H3>\n\t\t\t\t\t\t\t\t<p class=\"precio-alojamiento\">Aus <span class=\"precio\">126.54\u20ac<\/span> pro Nacht<\/p>\n\t\t\t\t\t\t\t<\/div>\n\t\t\t\t\t\t<\/div>\n\t\t\t\t\t<\/a> \n\t\t\t\t\t\t\n\t\t\t\t\t<a href=\"https:\/\/www.dracmallorca.com\/de\/vermietung\/finca-santanyi-b-bassa-seca-308510.html\" rel=\"nofollow\" style=\"width: 23%;\">\n\t\t\t\t\t\t<div class=\"apartamento-box\">\n\t\t\t\t\t\t\t<div class=\"imagen_recomendados\">\n\t\t\t\t\t\t\t\t<img decoding=\"async\" src=\"https:\/\/crs.avantio.com\/fotos\/2\/1578652754dabbf3dc22a5a4f8b36b9cca85edcb72\/big1653484179c7302878a55fb546dec24f4370fdcc90.jpg\" alt=\"Bassa Seca by dracmallorca\">\n\t\t\t\t\t\t\t<\/div>\n\t\t\t\t\t\t\t<div class=\"info\">\n\t\t\t\t\t\t\t\t<div class=\"ubicacion\">\n\t\t\t\t\t\t\t\t\t<i class=\"fa-solid fa-location-dot icono-mapa\"><\/i><span class=\"ubicacion-texto\">Santanyi - Mallorca<\/span>\n\t\t\t\t\t\t\t\t<\/div>\n\t\t\t\t\t\t\t\t<H3 class=\"titulo-alojamiento\">\n\t\t\t\t\t\t\t\t\tBassa Seca by dracmallorca\t\t\t\t\t\t\t\t<\/H3>\n\t\t\t\t\t\t\t\t<p class=\"precio-alojamiento\">Aus <span class=\"precio\">290.70\u20ac<\/span> pro Nacht<\/p>\n\t\t\t\t\t\t\t<\/div>\n\t\t\t\t\t\t<\/div>\n\t\t\t\t\t<\/a> \n\t\t\t\t\t\t\n\t\t\t\t\t<a href=\"https:\/\/www.dracmallorca.com\/de\/vermietung\/aparthotel-cala-santanyi-a-drac-3-308520.html\" rel=\"nofollow\" style=\"width: 23%;\">\n\t\t\t\t\t\t<div class=\"apartamento-box\">\n\t\t\t\t\t\t\t<div class=\"imagen_recomendados\">\n\t\t\t\t\t\t\t\t<img decoding=\"async\" src=\"https:\/\/crs.avantio.com\/fotos\/2\/157865733393a86a602695a4cb9b4e6ac0f8fb235a\/big17471359792de8ed68273e04ecd16bc90f96988977.jpg\" alt=\"Drac 3 by dracmallorca\">\n\t\t\t\t\t\t\t<\/div>\n\t\t\t\t\t\t\t<div class=\"info\">\n\t\t\t\t\t\t\t\t<div class=\"ubicacion\">\n\t\t\t\t\t\t\t\t\t<i class=\"fa-solid fa-location-dot icono-mapa\"><\/i><span class=\"ubicacion-texto\">Cala Santanyi - Mallorca<\/span>\n\t\t\t\t\t\t\t\t<\/div>\n\t\t\t\t\t\t\t\t<H3 class=\"titulo-alojamiento\">\n\t\t\t\t\t\t\t\t\tDrac 3 by dracmallorca\t\t\t\t\t\t\t\t<\/H3>\n\t\t\t\t\t\t\t\t<p class=\"precio-alojamiento\">Aus <span class=\"precio\">116.28\u20ac<\/span> pro Nacht<\/p>\n\t\t\t\t\t\t\t<\/div>\n\t\t\t\t\t\t<\/div>\n\t\t\t\t\t<\/a> \n\t\t\t\t\t\t\n\t\t\t\t\t<a href=\"https:\/\/www.dracmallorca.com\/de\/vermietung\/finca-santanyi-b-son-sec-308531.html\" rel=\"nofollow\" style=\"width: 23%;\">\n\t\t\t\t\t\t<div class=\"apartamento-box\">\n\t\t\t\t\t\t\t<div class=\"imagen_recomendados\">\n\t\t\t\t\t\t\t\t<img decoding=\"async\" src=\"https:\/\/crs.avantio.com\/fotos\/2\/15789218995e7b88f31f9a5ecb5a53d9c6c22a3ac8\/big168233930248399c28c2198ad2564bcee8c156da79.jpg\" alt=\"Son Sec by dracmallorca\">\n\t\t\t\t\t\t\t<\/div>\n\t\t\t\t\t\t\t<div class=\"info\">\n\t\t\t\t\t\t\t\t<div class=\"ubicacion\">\n\t\t\t\t\t\t\t\t\t<i class=\"fa-solid fa-location-dot icono-mapa\"><\/i><span class=\"ubicacion-texto\">Santanyi - Mallorca<\/span>\n\t\t\t\t\t\t\t\t<\/div>\n\t\t\t\t\t\t\t\t<H3 class=\"titulo-alojamiento\">\n\t\t\t\t\t\t\t\t\tSon Sec by dracmallorca\t\t\t\t\t\t\t\t<\/H3>\n\t\t\t\t\t\t\t\t<p class=\"precio-alojamiento\">Aus <span class=\"precio\">165.30\u20ac<\/span> pro Nacht<\/p>\n\t\t\t\t\t\t\t<\/div>\n\t\t\t\t\t\t<\/div>\n\t\t\t\t\t<\/a> \n\t\t\t\t\t\t\n\t\t\t\t\t<a href=\"https:\/\/www.dracmallorca.com\/de\/vermietung\/ferienhaus-cala-santanyi-d-sa-marina-308544.html\" rel=\"nofollow\" style=\"width: 23%;\">\n\t\t\t\t\t\t<div class=\"apartamento-box\">\n\t\t\t\t\t\t\t<div class=\"imagen_recomendados\">\n\t\t\t\t\t\t\t\t<img decoding=\"async\" src=\"https:\/\/crs.avantio.com\/fotos\/2\/1578663388357509ad80d8dbffd52d56849b49104d\/big159377072942bc7ff17b75724505c88f084abe0370.jpg\" alt=\"Sa Marina by dracmallorca\">\n\t\t\t\t\t\t\t<\/div>\n\t\t\t\t\t\t\t<div class=\"info\">\n\t\t\t\t\t\t\t\t<div class=\"ubicacion\">\n\t\t\t\t\t\t\t\t\t<i class=\"fa-solid fa-location-dot icono-mapa\"><\/i><span class=\"ubicacion-texto\">Cala Santanyi - Mallorca<\/span>\n\t\t\t\t\t\t\t\t<\/div>\n\t\t\t\t\t\t\t\t<H3 class=\"titulo-alojamiento\">\n\t\t\t\t\t\t\t\t\tSa Marina by dracmallorca\t\t\t\t\t\t\t\t<\/H3>\n\t\t\t\t\t\t\t\t<p class=\"precio-alojamiento\">Aus <span class=\"precio\">152.70\u20ac<\/span> pro Nacht<\/p>\n\t\t\t\t\t\t\t<\/div>\n\t\t\t\t\t\t<\/div>\n\t\t\t\t\t<\/a> \n\t\t\t\t\t\t\n\t\t\t\t\t<a href=\"https:\/\/www.dracmallorca.com\/de\/vermietung\/ferienhaus-cala-figuera-d-puerto-cala-figuera-308570.html\" rel=\"nofollow\" style=\"width: 23%;\">\n\t\t\t\t\t\t<div class=\"apartamento-box\">\n\t\t\t\t\t\t\t<div class=\"imagen_recomendados\">\n\t\t\t\t\t\t\t\t<img decoding=\"async\" src=\"https:\/\/crs.avantio.com\/fotos\/2\/1578922568f1a904326f2579195dfef2ee8f3afd31\/big157892272069149e44afc0fc30dfcb3a70c7f20e5f.jpg\" alt=\"Puerto Cala Figuera by dracmallorca\">\n\t\t\t\t\t\t\t<\/div>\n\t\t\t\t\t\t\t<div class=\"info\">\n\t\t\t\t\t\t\t\t<div class=\"ubicacion\">\n\t\t\t\t\t\t\t\t\t<i class=\"fa-solid fa-location-dot icono-mapa\"><\/i><span class=\"ubicacion-texto\">Cala Figuera - Mallorca<\/span>\n\t\t\t\t\t\t\t\t<\/div>\n\t\t\t\t\t\t\t\t<H3 class=\"titulo-alojamiento\">\n\t\t\t\t\t\t\t\t\tPuerto Cala Figuera by dracmallorca\t\t\t\t\t\t\t\t<\/H3>\n\t\t\t\t\t\t\t\t<p class=\"precio-alojamiento\">Aus <span class=\"precio\">139.08\u20ac<\/span> pro Nacht<\/p>\n\t\t\t\t\t\t\t<\/div>\n\t\t\t\t\t\t<\/div>\n\t\t\t\t\t<\/a> \n\t\t\t\t\t\t\t\t<\/div>\n\t\t\t<\/div>\n\t\t\t\t\t\t<\/div>\n\t\t\t\t<\/div>\n\t\t\t\t\t<\/div>\n\t\t\t\t<\/div>\n\t\t<div class=\"elementor-element elementor-element-8714b6f e-flex e-con-boxed e-con e-parent\" data-id=\"8714b6f\" data-element_type=\"container\" data-e-type=\"container\">\n\t\t\t\t\t<div class=\"e-con-inner\">\n\t\t\t\t<div class=\"elementor-element elementor-element-50206dd elementor-align-center elementor-widget elementor-widget-button\" data-id=\"50206dd\" data-element_type=\"widget\" data-e-type=\"widget\" data-widget_type=\"button.default\">\n\t\t\t\t<div class=\"elementor-widget-container\">\n\t\t\t\t\t\t\t\t\t<div class=\"elementor-button-wrapper\">\n\t\t\t\t\t<a class=\"elementor-button elementor-button-link elementor-size-sm\" href=\"https:\/\/www.dracmallorca.com\/de\/vermietung\/vermietungen-cala-llombards-d464193\/\">\n\t\t\t\t\t\t<span class=\"elementor-button-content-wrapper\">\n\t\t\t\t\t\t\t\t\t<span class=\"elementor-button-text\">Mehr Unterk\u00fcnfte ansehen<\/span>\n\t\t\t\t\t<\/span>\n\t\t\t\t\t<\/a>\n\t\t\t\t<\/div>\n\t\t\t\t\t\t\t\t<\/div>\n\t\t\t\t<\/div>\n\t\t\t\t\t<\/div>\n\t\t\t\t<\/div>\n\t\t<div class=\"elementor-element elementor-element-bc482fc e-flex e-con-boxed e-con e-parent\" data-id=\"bc482fc\" data-element_type=\"container\" data-e-type=\"container\" data-settings=\"{&quot;background_background&quot;:&quot;classic&quot;}\">\n\t\t\t\t\t<div class=\"e-con-inner\">\n\t\t<div class=\"elementor-element elementor-element-1d418e2 e-con-full e-flex e-con e-child\" data-id=\"1d418e2\" data-element_type=\"container\" data-e-type=\"container\">\n\t\t\t\t<div class=\"elementor-element elementor-element-df9a2ef elementor-widget elementor-widget-heading\" data-id=\"df9a2ef\" data-element_type=\"widget\" data-e-type=\"widget\" data-widget_type=\"heading.default\">\n\t\t\t\t<div class=\"elementor-widget-container\">\n\t\t\t\t\t<h2 class=\"elementor-heading-title elementor-size-default\">Ferienh\u00e4user in Cala Llombards, Mallorca<\/h2>\t\t\t\t<\/div>\n\t\t\t\t<\/div>\n\t\t\t\t<div class=\"elementor-element elementor-element-0432dc7 elementor-widget elementor-widget-text-editor\" data-id=\"0432dc7\" data-element_type=\"widget\" data-e-type=\"widget\" data-widget_type=\"text-editor.default\">\n\t\t\t\t<div class=\"elementor-widget-container\">\n\t\t\t\t\t\t\t\t\t<p>Cala Llombards ist eine malerische K\u00fcstensiedlung in der Gemeinde Santany\u00ed,<br \/>bekannt f\u00fcr ihren spektakul\u00e4ren wei\u00dfen Sandstrand und das t\u00fcrkisfarbene Wasser des Mittelmeers.<\/p><p>Im Gegensatz zu anderen touristischeren Gebieten bieten unsere <strong>Ferienh\u00e4user in Cala Llombards<\/strong> ein Erlebnis absoluter Ruhe,<br \/>umgeben von Klippen und mediterranen Pinien.<\/p>\t\t\t\t\t\t\t\t<\/div>\n\t\t\t\t<\/div>\n\t\t\t\t<\/div>\n\t\t<div class=\"elementor-element elementor-element-db64946 e-con-full e-flex e-con e-child\" data-id=\"db64946\" data-element_type=\"container\" data-e-type=\"container\">\n\t\t\t\t<div class=\"elementor-element elementor-element-296c8fb elementor-widget elementor-widget-image\" data-id=\"296c8fb\" data-element_type=\"widget\" data-e-type=\"widget\" data-widget_type=\"image.default\">\n\t\t\t\t<div class=\"elementor-widget-container\">\n\t\t\t\t\t\t\t\t\t\t\t\t\t\t\t<img fetchpriority=\"high\" decoding=\"async\" width=\"800\" height=\"420\" src=\"https:\/\/www.dracmallorca.com\/blog\/wp-content\/uploads\/2024\/03\/cala-llombards-beaches-santanyi-1200x630.jpg\" class=\"attachment-large size-large wp-image-1463\" alt=\"cala-llombards-beaches-santanyi\" \/>\t\t\t\t\t\t\t\t\t\t\t\t\t\t\t<\/div>\n\t\t\t\t<\/div>\n\t\t\t\t<\/div>\n\t\t\t\t\t<\/div>\n\t\t\t\t<\/div>\n\t\t<div class=\"elementor-element elementor-element-b2db397 e-flex e-con-boxed e-con e-parent\" data-id=\"b2db397\" data-element_type=\"container\" data-e-type=\"container\">\n\t\t\t\t\t<div class=\"e-con-inner\">\n\t\t\t\t<div class=\"elementor-element elementor-element-f70c36b elementor-widget elementor-widget-heading\" data-id=\"f70c36b\" data-element_type=\"widget\" data-e-type=\"widget\" data-widget_type=\"heading.default\">\n\t\t\t\t<div class=\"elementor-widget-container\">\n\t\t\t\t\t<h2 class=\"elementor-heading-title elementor-size-default\">Unterk\u00fcnfte in Strandn\u00e4he im S\u00fcden Mallorcas<\/h2>\t\t\t\t<\/div>\n\t\t\t\t<\/div>\n\t\t\t\t<div class=\"elementor-element elementor-element-f7139b5 elementor-widget elementor-widget-grid\" data-id=\"f7139b5\" data-element_type=\"widget\" data-e-type=\"widget\" data-widget_type=\"grid.default\">\n\t\t\t\t<div class=\"elementor-widget-container\">\n\t\t\t\t\t\t\t<div class=\"its--row alojamientos-recomendados\">\n\n\t\t\t<div class=\"alojamientos-recomendados-container\">\n\n\t\t\t\t\t\n\t\t\t\t\t<a href=\"https:\/\/www.dracmallorca.com\/de\/vermietung\/aparthotel-cala-santanyi-a-drac-1-308351.html\" rel=\"nofollow\" style=\"width: 23%;\">\n\t\t\t\t\t\t<div class=\"apartamento-box\">\n\t\t\t\t\t\t\t<div class=\"imagen_recomendados\">\n\t\t\t\t\t\t\t\t<img decoding=\"async\" src=\"https:\/\/crs.avantio.com\/fotos\/2\/157848893219f7507dfb1bf81d589791cf33c84ca6\/big16575375781bc753ef4c125cb8bd50bf9f0e98c61f.jpg\" alt=\"Drac 1 by dracmallorca\">\n\t\t\t\t\t\t\t<\/div>\n\t\t\t\t\t\t\t<div class=\"info\">\n\t\t\t\t\t\t\t\t<div class=\"ubicacion\">\n\t\t\t\t\t\t\t\t\t<i class=\"fa-solid fa-location-dot icono-mapa\"><\/i><span class=\"ubicacion-texto\">Cala Santanyi - Mallorca<\/span>\n\t\t\t\t\t\t\t\t<\/div>\n\t\t\t\t\t\t\t\t<H3 class=\"titulo-alojamiento\">\n\t\t\t\t\t\t\t\t\tDrac 1 by dracmallorca\t\t\t\t\t\t\t\t<\/H3>\n\t\t\t\t\t\t\t\t<p class=\"precio-alojamiento\">Aus <span class=\"precio\">116.28\u20ac<\/span> pro Nacht<\/p>\n\t\t\t\t\t\t\t<\/div>\n\t\t\t\t\t\t<\/div>\n\t\t\t\t\t<\/a> \n\t\t\t\t\t\t\n\t\t\t\t\t<a href=\"https:\/\/www.dracmallorca.com\/de\/vermietung\/aparthotel-cala-santanyi-a-drac-2-308477.html\" rel=\"nofollow\" style=\"width: 23%;\">\n\t\t\t\t\t\t<div class=\"apartamento-box\">\n\t\t\t\t\t\t\t<div class=\"imagen_recomendados\">\n\t\t\t\t\t\t\t\t<img decoding=\"async\" src=\"https:\/\/crs.avantio.com\/fotos\/2\/15785843936416bd0ff2f77debe7e15c3769f0f280\/big165753767413ff2f2ae54d6fc3ee2cfa399d0bca05.jpg\" alt=\"Drac 2 by dracmallorca\">\n\t\t\t\t\t\t\t<\/div>\n\t\t\t\t\t\t\t<div class=\"info\">\n\t\t\t\t\t\t\t\t<div class=\"ubicacion\">\n\t\t\t\t\t\t\t\t\t<i class=\"fa-solid fa-location-dot icono-mapa\"><\/i><span class=\"ubicacion-texto\">Cala Santanyi - Mallorca<\/span>\n\t\t\t\t\t\t\t\t<\/div>\n\t\t\t\t\t\t\t\t<H3 class=\"titulo-alojamiento\">\n\t\t\t\t\t\t\t\t\tDrac 2 by dracmallorca\t\t\t\t\t\t\t\t<\/H3>\n\t\t\t\t\t\t\t\t<p class=\"precio-alojamiento\">Aus <span class=\"precio\">126.54\u20ac<\/span> pro Nacht<\/p>\n\t\t\t\t\t\t\t<\/div>\n\t\t\t\t\t\t<\/div>\n\t\t\t\t\t<\/a> \n\t\t\t\t\t\t\n\t\t\t\t\t<a href=\"https:\/\/www.dracmallorca.com\/de\/vermietung\/aparthotel-cala-santanyi-a-drac-3-308520.html\" rel=\"nofollow\" style=\"width: 23%;\">\n\t\t\t\t\t\t<div class=\"apartamento-box\">\n\t\t\t\t\t\t\t<div class=\"imagen_recomendados\">\n\t\t\t\t\t\t\t\t<img decoding=\"async\" src=\"https:\/\/crs.avantio.com\/fotos\/2\/157865733393a86a602695a4cb9b4e6ac0f8fb235a\/big17471359792de8ed68273e04ecd16bc90f96988977.jpg\" alt=\"Drac 3 by dracmallorca\">\n\t\t\t\t\t\t\t<\/div>\n\t\t\t\t\t\t\t<div class=\"info\">\n\t\t\t\t\t\t\t\t<div class=\"ubicacion\">\n\t\t\t\t\t\t\t\t\t<i class=\"fa-solid fa-location-dot icono-mapa\"><\/i><span class=\"ubicacion-texto\">Cala Santanyi - Mallorca<\/span>\n\t\t\t\t\t\t\t\t<\/div>\n\t\t\t\t\t\t\t\t<H3 class=\"titulo-alojamiento\">\n\t\t\t\t\t\t\t\t\tDrac 3 by dracmallorca\t\t\t\t\t\t\t\t<\/H3>\n\t\t\t\t\t\t\t\t<p class=\"precio-alojamiento\">Aus <span class=\"precio\">116.28\u20ac<\/span> pro Nacht<\/p>\n\t\t\t\t\t\t\t<\/div>\n\t\t\t\t\t\t<\/div>\n\t\t\t\t\t<\/a> \n\t\t\t\t\t\t\n\t\t\t\t\t<a href=\"https:\/\/www.dracmallorca.com\/de\/vermietung\/ferienhaus-cala-santanyi-d-sa-marina-308544.html\" rel=\"nofollow\" style=\"width: 23%;\">\n\t\t\t\t\t\t<div class=\"apartamento-box\">\n\t\t\t\t\t\t\t<div class=\"imagen_recomendados\">\n\t\t\t\t\t\t\t\t<img decoding=\"async\" src=\"https:\/\/crs.avantio.com\/fotos\/2\/1578663388357509ad80d8dbffd52d56849b49104d\/big159377072942bc7ff17b75724505c88f084abe0370.jpg\" alt=\"Sa Marina by dracmallorca\">\n\t\t\t\t\t\t\t<\/div>\n\t\t\t\t\t\t\t<div class=\"info\">\n\t\t\t\t\t\t\t\t<div class=\"ubicacion\">\n\t\t\t\t\t\t\t\t\t<i class=\"fa-solid fa-location-dot icono-mapa\"><\/i><span class=\"ubicacion-texto\">Cala Santanyi - Mallorca<\/span>\n\t\t\t\t\t\t\t\t<\/div>\n\t\t\t\t\t\t\t\t<H3 class=\"titulo-alojamiento\">\n\t\t\t\t\t\t\t\t\tSa Marina by dracmallorca\t\t\t\t\t\t\t\t<\/H3>\n\t\t\t\t\t\t\t\t<p class=\"precio-alojamiento\">Aus <span class=\"precio\">152.70\u20ac<\/span> pro Nacht<\/p>\n\t\t\t\t\t\t\t<\/div>\n\t\t\t\t\t\t<\/div>\n\t\t\t\t\t<\/a> \n\t\t\t\t\t\t\t\t<\/div>\n\t\t\t<\/div>\n\t\t\t\t\t\t<\/div>\n\t\t\t\t<\/div>\n\t\t\t\t\t<\/div>\n\t\t\t\t<\/div>\n\t\t<div class=\"elementor-element elementor-element-4ec7b4a e-flex e-con-boxed e-con e-parent\" data-id=\"4ec7b4a\" data-element_type=\"container\" data-e-type=\"container\">\n\t\t\t\t\t<div class=\"e-con-inner\">\n\t\t\t\t<div class=\"elementor-element elementor-element-62a5fb9 elementor-widget elementor-widget-heading\" data-id=\"62a5fb9\" data-element_type=\"widget\" data-e-type=\"widget\" data-widget_type=\"heading.default\">\n\t\t\t\t<div class=\"elementor-widget-container\">\n\t\t\t\t\t<h2 class=\"elementor-heading-title elementor-size-default\">Unterk\u00fcnfte mit privatem Pool im S\u00fcden Mallorcas<\/h2>\t\t\t\t<\/div>\n\t\t\t\t<\/div>\n\t\t\t\t<div class=\"elementor-element elementor-element-f1ea85b elementor-widget elementor-widget-grid\" data-id=\"f1ea85b\" data-element_type=\"widget\" data-e-type=\"widget\" data-widget_type=\"grid.default\">\n\t\t\t\t<div class=\"elementor-widget-container\">\n\t\t\t\t\t\t\t<div class=\"its--row alojamientos-recomendados\">\n\n\t\t\t<div class=\"alojamientos-recomendados-container\">\n\n\t\t\t\t\t\n\t\t\t\t\t<a href=\"https:\/\/www.dracmallorca.com\/de\/vermietung\/finca-santanyi-b-son-garrot-308369.html\" rel=\"nofollow\" style=\"width: 23%;\">\n\t\t\t\t\t\t<div class=\"apartamento-box\">\n\t\t\t\t\t\t\t<div class=\"imagen_recomendados\">\n\t\t\t\t\t\t\t\t<img decoding=\"async\" src=\"https:\/\/crs.avantio.com\/fotos\/2\/1578495511e2021df89be371ad673652d3a1afa744\/big1683975212ab8af943f2182bc375f6ac7374eeb0e6.jpg\" alt=\"Son Garrot by dracmallorca\">\n\t\t\t\t\t\t\t<\/div>\n\t\t\t\t\t\t\t<div class=\"info\">\n\t\t\t\t\t\t\t\t<div class=\"ubicacion\">\n\t\t\t\t\t\t\t\t\t<i class=\"fa-solid fa-location-dot icono-mapa\"><\/i><span class=\"ubicacion-texto\">Santanyi - Mallorca<\/span>\n\t\t\t\t\t\t\t\t<\/div>\n\t\t\t\t\t\t\t\t<H3 class=\"titulo-alojamiento\">\n\t\t\t\t\t\t\t\t\tSon Garrot by dracmallorca\t\t\t\t\t\t\t\t<\/H3>\n\t\t\t\t\t\t\t\t<p class=\"precio-alojamiento\">Aus <span class=\"precio\">136.80\u20ac<\/span> pro Nacht<\/p>\n\t\t\t\t\t\t\t<\/div>\n\t\t\t\t\t\t<\/div>\n\t\t\t\t\t<\/a> \n\t\t\t\t\t\t\n\t\t\t\t\t<a href=\"https:\/\/www.dracmallorca.com\/de\/vermietung\/finca-santanyi-b-bassa-seca-308510.html\" rel=\"nofollow\" style=\"width: 23%;\">\n\t\t\t\t\t\t<div class=\"apartamento-box\">\n\t\t\t\t\t\t\t<div class=\"imagen_recomendados\">\n\t\t\t\t\t\t\t\t<img decoding=\"async\" src=\"https:\/\/crs.avantio.com\/fotos\/2\/1578652754dabbf3dc22a5a4f8b36b9cca85edcb72\/big1653484179c7302878a55fb546dec24f4370fdcc90.jpg\" alt=\"Bassa Seca by dracmallorca\">\n\t\t\t\t\t\t\t<\/div>\n\t\t\t\t\t\t\t<div class=\"info\">\n\t\t\t\t\t\t\t\t<div class=\"ubicacion\">\n\t\t\t\t\t\t\t\t\t<i class=\"fa-solid fa-location-dot icono-mapa\"><\/i><span class=\"ubicacion-texto\">Santanyi - Mallorca<\/span>\n\t\t\t\t\t\t\t\t<\/div>\n\t\t\t\t\t\t\t\t<H3 class=\"titulo-alojamiento\">\n\t\t\t\t\t\t\t\t\tBassa Seca by dracmallorca\t\t\t\t\t\t\t\t<\/H3>\n\t\t\t\t\t\t\t\t<p class=\"precio-alojamiento\">Aus <span class=\"precio\">290.70\u20ac<\/span> pro Nacht<\/p>\n\t\t\t\t\t\t\t<\/div>\n\t\t\t\t\t\t<\/div>\n\t\t\t\t\t<\/a> \n\t\t\t\t\t\t\n\t\t\t\t\t<a href=\"https:\/\/www.dracmallorca.com\/de\/vermietung\/finca-santanyi-b-son-sec-308531.html\" rel=\"nofollow\" style=\"width: 23%;\">\n\t\t\t\t\t\t<div class=\"apartamento-box\">\n\t\t\t\t\t\t\t<div class=\"imagen_recomendados\">\n\t\t\t\t\t\t\t\t<img decoding=\"async\" src=\"https:\/\/crs.avantio.com\/fotos\/2\/15789218995e7b88f31f9a5ecb5a53d9c6c22a3ac8\/big168233930248399c28c2198ad2564bcee8c156da79.jpg\" alt=\"Son Sec by dracmallorca\">\n\t\t\t\t\t\t\t<\/div>\n\t\t\t\t\t\t\t<div class=\"info\">\n\t\t\t\t\t\t\t\t<div class=\"ubicacion\">\n\t\t\t\t\t\t\t\t\t<i class=\"fa-solid fa-location-dot icono-mapa\"><\/i><span class=\"ubicacion-texto\">Santanyi - Mallorca<\/span>\n\t\t\t\t\t\t\t\t<\/div>\n\t\t\t\t\t\t\t\t<H3 class=\"titulo-alojamiento\">\n\t\t\t\t\t\t\t\t\tSon Sec by dracmallorca\t\t\t\t\t\t\t\t<\/H3>\n\t\t\t\t\t\t\t\t<p class=\"precio-alojamiento\">Aus <span class=\"precio\">165.30\u20ac<\/span> pro Nacht<\/p>\n\t\t\t\t\t\t\t<\/div>\n\t\t\t\t\t\t<\/div>\n\t\t\t\t\t<\/a> \n\t\t\t\t\t\t\n\t\t\t\t\t<a href=\"https:\/\/www.dracmallorca.com\/de\/vermietung\/ferienhaus-santanyi-b-casa-reiet-308843.html\" rel=\"nofollow\" style=\"width: 23%;\">\n\t\t\t\t\t\t<div class=\"apartamento-box\">\n\t\t\t\t\t\t\t<div class=\"imagen_recomendados\">\n\t\t\t\t\t\t\t\t<img decoding=\"async\" src=\"https:\/\/crs.avantio.com\/fotos\/2\/1579013034b1d79dd48f5850ba06e9ebdee6c6bbf7\/big1765458036fe5188b1d8fa54b65747f36d247f3866.jpg\" alt=\"Casa Reiet by dracmallorca\">\n\t\t\t\t\t\t\t<\/div>\n\t\t\t\t\t\t\t<div class=\"info\">\n\t\t\t\t\t\t\t\t<div class=\"ubicacion\">\n\t\t\t\t\t\t\t\t\t<i class=\"fa-solid fa-location-dot icono-mapa\"><\/i><span class=\"ubicacion-texto\">Santanyi - Mallorca<\/span>\n\t\t\t\t\t\t\t\t<\/div>\n\t\t\t\t\t\t\t\t<H3 class=\"titulo-alojamiento\">\n\t\t\t\t\t\t\t\t\tCasa Reiet by dracmallorca\t\t\t\t\t\t\t\t<\/H3>\n\t\t\t\t\t\t\t\t<p class=\"precio-alojamiento\">Aus <span class=\"precio\">330.60\u20ac<\/span> pro Nacht<\/p>\n\t\t\t\t\t\t\t<\/div>\n\t\t\t\t\t\t<\/div>\n\t\t\t\t\t<\/a> \n\t\t\t\t\t\t\t\t<\/div>\n\t\t\t<\/div>\n\t\t\t\t\t\t<\/div>\n\t\t\t\t<\/div>\n\t\t\t\t\t<\/div>\n\t\t\t\t<\/div>\n\t\t<div class=\"elementor-element elementor-element-b6c1c39 e-flex e-con-boxed e-con e-parent\" data-id=\"b6c1c39\" data-element_type=\"container\" data-e-type=\"container\">\n\t\t\t\t\t<div class=\"e-con-inner\">\n\t\t\t\t<div class=\"elementor-element elementor-element-0840c4a elementor-widget elementor-widget-heading\" data-id=\"0840c4a\" data-element_type=\"widget\" data-e-type=\"widget\" data-widget_type=\"heading.default\">\n\t\t\t\t<div class=\"elementor-widget-container\">\n\t\t\t\t\t<h2 class=\"elementor-heading-title elementor-size-default\">Unterk\u00fcnfte mit privatem Pool im S\u00fcden Mallorcas<\/h2>\t\t\t\t<\/div>\n\t\t\t\t<\/div>\n\t\t\t\t<div class=\"elementor-element elementor-element-0c89fca elementor-widget elementor-widget-grid\" data-id=\"0c89fca\" data-element_type=\"widget\" data-e-type=\"widget\" data-widget_type=\"grid.default\">\n\t\t\t\t<div class=\"elementor-widget-container\">\n\t\t\t\t\t\t\t<div class=\"its--row alojamientos-recomendados\">\n\n\t\t\t<div class=\"alojamientos-recomendados-container\">\n\n\t\t\t\t\t\n\t\t\t\t\t<a href=\"https:\/\/www.dracmallorca.com\/de\/vermietung\/finca-santanyi-b-son-garrot-308369.html\" rel=\"nofollow\" style=\"width: 23%;\">\n\t\t\t\t\t\t<div class=\"apartamento-box\">\n\t\t\t\t\t\t\t<div class=\"imagen_recomendados\">\n\t\t\t\t\t\t\t\t<img decoding=\"async\" src=\"https:\/\/crs.avantio.com\/fotos\/2\/1578495511e2021df89be371ad673652d3a1afa744\/big1683975212ab8af943f2182bc375f6ac7374eeb0e6.jpg\" alt=\"Son Garrot by dracmallorca\">\n\t\t\t\t\t\t\t<\/div>\n\t\t\t\t\t\t\t<div class=\"info\">\n\t\t\t\t\t\t\t\t<div class=\"ubicacion\">\n\t\t\t\t\t\t\t\t\t<i class=\"fa-solid fa-location-dot icono-mapa\"><\/i><span class=\"ubicacion-texto\">Santanyi - Mallorca<\/span>\n\t\t\t\t\t\t\t\t<\/div>\n\t\t\t\t\t\t\t\t<H3 class=\"titulo-alojamiento\">\n\t\t\t\t\t\t\t\t\tSon Garrot by dracmallorca\t\t\t\t\t\t\t\t<\/H3>\n\t\t\t\t\t\t\t\t<p class=\"precio-alojamiento\">Aus <span class=\"precio\">136.80\u20ac<\/span> pro Nacht<\/p>\n\t\t\t\t\t\t\t<\/div>\n\t\t\t\t\t\t<\/div>\n\t\t\t\t\t<\/a> \n\t\t\t\t\t\t\n\t\t\t\t\t<a href=\"https:\/\/www.dracmallorca.com\/de\/vermietung\/finca-santanyi-b-bassa-seca-308510.html\" rel=\"nofollow\" style=\"width: 23%;\">\n\t\t\t\t\t\t<div class=\"apartamento-box\">\n\t\t\t\t\t\t\t<div class=\"imagen_recomendados\">\n\t\t\t\t\t\t\t\t<img decoding=\"async\" src=\"https:\/\/crs.avantio.com\/fotos\/2\/1578652754dabbf3dc22a5a4f8b36b9cca85edcb72\/big1653484179c7302878a55fb546dec24f4370fdcc90.jpg\" alt=\"Bassa Seca by dracmallorca\">\n\t\t\t\t\t\t\t<\/div>\n\t\t\t\t\t\t\t<div class=\"info\">\n\t\t\t\t\t\t\t\t<div class=\"ubicacion\">\n\t\t\t\t\t\t\t\t\t<i class=\"fa-solid fa-location-dot icono-mapa\"><\/i><span class=\"ubicacion-texto\">Santanyi - Mallorca<\/span>\n\t\t\t\t\t\t\t\t<\/div>\n\t\t\t\t\t\t\t\t<H3 class=\"titulo-alojamiento\">\n\t\t\t\t\t\t\t\t\tBassa Seca by dracmallorca\t\t\t\t\t\t\t\t<\/H3>\n\t\t\t\t\t\t\t\t<p class=\"precio-alojamiento\">Aus <span class=\"precio\">290.70\u20ac<\/span> pro Nacht<\/p>\n\t\t\t\t\t\t\t<\/div>\n\t\t\t\t\t\t<\/div>\n\t\t\t\t\t<\/a> \n\t\t\t\t\t\t\n\t\t\t\t\t<a href=\"https:\/\/www.dracmallorca.com\/de\/vermietung\/finca-santanyi-b-son-sec-308531.html\" rel=\"nofollow\" style=\"width: 23%;\">\n\t\t\t\t\t\t<div class=\"apartamento-box\">\n\t\t\t\t\t\t\t<div class=\"imagen_recomendados\">\n\t\t\t\t\t\t\t\t<img decoding=\"async\" src=\"https:\/\/crs.avantio.com\/fotos\/2\/15789218995e7b88f31f9a5ecb5a53d9c6c22a3ac8\/big168233930248399c28c2198ad2564bcee8c156da79.jpg\" alt=\"Son Sec by dracmallorca\">\n\t\t\t\t\t\t\t<\/div>\n\t\t\t\t\t\t\t<div class=\"info\">\n\t\t\t\t\t\t\t\t<div class=\"ubicacion\">\n\t\t\t\t\t\t\t\t\t<i class=\"fa-solid fa-location-dot icono-mapa\"><\/i><span class=\"ubicacion-texto\">Santanyi - Mallorca<\/span>\n\t\t\t\t\t\t\t\t<\/div>\n\t\t\t\t\t\t\t\t<H3 class=\"titulo-alojamiento\">\n\t\t\t\t\t\t\t\t\tSon Sec by dracmallorca\t\t\t\t\t\t\t\t<\/H3>\n\t\t\t\t\t\t\t\t<p class=\"precio-alojamiento\">Aus <span class=\"precio\">165.30\u20ac<\/span> pro Nacht<\/p>\n\t\t\t\t\t\t\t<\/div>\n\t\t\t\t\t\t<\/div>\n\t\t\t\t\t<\/a> \n\t\t\t\t\t\t\n\t\t\t\t\t<a href=\"https:\/\/www.dracmallorca.com\/de\/vermietung\/ferienhaus-santanyi-b-casa-reiet-308843.html\" rel=\"nofollow\" style=\"width: 23%;\">\n\t\t\t\t\t\t<div class=\"apartamento-box\">\n\t\t\t\t\t\t\t<div class=\"imagen_recomendados\">\n\t\t\t\t\t\t\t\t<img decoding=\"async\" src=\"https:\/\/crs.avantio.com\/fotos\/2\/1579013034b1d79dd48f5850ba06e9ebdee6c6bbf7\/big1765458036fe5188b1d8fa54b65747f36d247f3866.jpg\" alt=\"Casa Reiet by dracmallorca\">\n\t\t\t\t\t\t\t<\/div>\n\t\t\t\t\t\t\t<div class=\"info\">\n\t\t\t\t\t\t\t\t<div class=\"ubicacion\">\n\t\t\t\t\t\t\t\t\t<i class=\"fa-solid fa-location-dot icono-mapa\"><\/i><span class=\"ubicacion-texto\">Santanyi - Mallorca<\/span>\n\t\t\t\t\t\t\t\t<\/div>\n\t\t\t\t\t\t\t\t<H3 class=\"titulo-alojamiento\">\n\t\t\t\t\t\t\t\t\tCasa Reiet by dracmallorca\t\t\t\t\t\t\t\t<\/H3>\n\t\t\t\t\t\t\t\t<p class=\"precio-alojamiento\">Aus <span class=\"precio\">330.60\u20ac<\/span> pro Nacht<\/p>\n\t\t\t\t\t\t\t<\/div>\n\t\t\t\t\t\t<\/div>\n\t\t\t\t\t<\/a> \n\t\t\t\t\t\t\t\t<\/div>\n\t\t\t<\/div>\n\t\t\t\t\t\t<\/div>\n\t\t\t\t<\/div>\n\t\t\t\t\t<\/div>\n\t\t\t\t<\/div>\n\t\t<div class=\"elementor-element elementor-element-c17b2b0 e-flex e-con-boxed e-con e-parent\" data-id=\"c17b2b0\" data-element_type=\"container\" data-e-type=\"container\" data-settings=\"{&quot;background_background&quot;:&quot;classic&quot;}\">\n\t\t\t\t\t<div class=\"e-con-inner\">\n\t\t<div class=\"elementor-element elementor-element-d7ff9d6 e-con-full e-flex e-con e-child\" data-id=\"d7ff9d6\" data-element_type=\"container\" data-e-type=\"container\">\n\t\t\t\t<div class=\"elementor-element elementor-element-05fcb2a elementor-widget elementor-widget-heading\" data-id=\"05fcb2a\" data-element_type=\"widget\" data-e-type=\"widget\" data-widget_type=\"heading.default\">\n\t\t\t\t<div class=\"elementor-widget-container\">\n\t\t\t\t\t<h2 class=\"elementor-heading-title elementor-size-default\">Alles \u00fcber Cala Llombards<\/h2>\t\t\t\t<\/div>\n\t\t\t\t<\/div>\n\t\t\t\t<div class=\"elementor-element elementor-element-108b924 elementor-widget-divider--view-line elementor-widget elementor-widget-divider\" data-id=\"108b924\" data-element_type=\"widget\" data-e-type=\"widget\" data-widget_type=\"divider.default\">\n\t\t\t\t<div class=\"elementor-widget-container\">\n\t\t\t\t\t\t\t<div class=\"elementor-divider\">\n\t\t\t<span class=\"elementor-divider-separator\">\n\t\t\t\t\t\t<\/span>\n\t\t<\/div>\n\t\t\t\t\t\t<\/div>\n\t\t\t\t<\/div>\n\t\t\t\t<\/div>\n\t\t<div class=\"elementor-element elementor-element-03fb800 e-con-full e-flex e-con e-child\" data-id=\"03fb800\" data-element_type=\"container\" data-e-type=\"container\">\n\t\t\t\t<div class=\"elementor-element elementor-element-a317aca elementor-widget elementor-widget-heading\" data-id=\"a317aca\" data-element_type=\"widget\" data-e-type=\"widget\" data-widget_type=\"heading.default\">\n\t\t\t\t<div class=\"elementor-widget-container\">\n\t\t\t\t\t<h3 class=\"elementor-heading-title elementor-size-default\">Warum Cala Llombards besuchen?<\/h3>\t\t\t\t<\/div>\n\t\t\t\t<\/div>\n\t\t\t\t<\/div>\n\t\t<div class=\"elementor-element elementor-element-29c756d e-con-full e-flex e-con e-child\" data-id=\"29c756d\" data-element_type=\"container\" data-e-type=\"container\">\n\t\t\t\t<div class=\"elementor-element elementor-element-46a4514 elementor-widget elementor-widget-text-editor\" data-id=\"46a4514\" data-element_type=\"widget\" data-e-type=\"widget\" data-widget_type=\"text-editor.default\">\n\t\t\t\t<div class=\"elementor-widget-container\">\n\t\t\t\t\t\t\t\t\t<div class='md:col-span-8 text-gray-600 leading-relaxed text-sm md:text-base'>Cala Llombards ist ein malerisches K\u00fcstendorf im S\u00fcdosten Mallorcas. Seine nat\u00fcrliche Sch\u00f6nheit und die ruhige Atmosph\u00e4re ziehen diejenigen an, die ein entspannteres Reiseziel abseits des touristischen Trubels suchen. Mit seinen Str\u00e4nden mit t\u00fcrkisfarbenem Wasser und umgeben von beeindruckenden Klippen ist es der ideale Ort, um ein paar erholsame Tage in unseren exklusiven <strong>Ferienh\u00e4usern<\/strong> als Paar oder mit der Familie zu genie\u00dfen.<\/div>\t\t\t\t\t\t\t\t<\/div>\n\t\t\t\t<\/div>\n\t\t\t\t<\/div>\n\t\t<div class=\"elementor-element elementor-element-a7b3d51 e-con-full e-flex e-con e-child\" data-id=\"a7b3d51\" data-element_type=\"container\" data-e-type=\"container\">\n\t\t\t\t<div class=\"elementor-element elementor-element-c06496c elementor-widget elementor-widget-heading\" data-id=\"c06496c\" data-element_type=\"widget\" data-e-type=\"widget\" data-widget_type=\"heading.default\">\n\t\t\t\t<div class=\"elementor-widget-container\">\n\t\t\t\t\t<h3 class=\"elementor-heading-title elementor-size-default\">Wetter<\/h3>\t\t\t\t<\/div>\n\t\t\t\t<\/div>\n\t\t\t\t<\/div>\n\t\t<div class=\"elementor-element elementor-element-84cbd32 e-con-full e-flex e-con e-child\" data-id=\"84cbd32\" data-element_type=\"container\" data-e-type=\"container\">\n\t\t\t\t<div class=\"elementor-element elementor-element-3003d15 elementor-widget elementor-widget-text-editor\" data-id=\"3003d15\" data-element_type=\"widget\" data-e-type=\"widget\" data-widget_type=\"text-editor.default\">\n\t\t\t\t<div class=\"elementor-widget-container\">\n\t\t\t\t\t\t\t\t\t<div class='md:col-span-8'><ul class='space-y-4 text-gray-600 text-sm md:text-base'><li class='flex items-start'><strong>Fr\u00fchling (M\u00e4rz bis Mai):<\/strong> Ein angenehmes Klima mit weniger Touristen, ideal zum Entspannen und Genie\u00dfen der Ruhe.<\/li><li class='flex items-start'><strong>Sommer (Juni bis August):<\/strong> Die Hochsaison, perfekt f\u00fcr alle, die das Mittelmeer und Outdoor-Aktivit\u00e4ten genie\u00dfen m\u00f6chten.<\/li><li class='flex items-start'><strong>Herbst (September bis November):<\/strong> Milde Temperaturen, weniger Gedr\u00e4nge und eine ruhigere Atmosph\u00e4re.<\/li><\/ul><\/div>\t\t\t\t\t\t\t\t<\/div>\n\t\t\t\t<\/div>\n\t\t\t\t<\/div>\n\t\t<div class=\"elementor-element elementor-element-73cbd9a e-con-full e-flex e-con e-child\" data-id=\"73cbd9a\" data-element_type=\"container\" data-e-type=\"container\">\n\t\t\t\t<div class=\"elementor-element elementor-element-ba8b4b1 elementor-widget elementor-widget-heading\" data-id=\"ba8b4b1\" data-element_type=\"widget\" data-e-type=\"widget\" data-widget_type=\"heading.default\">\n\t\t\t\t<div class=\"elementor-widget-container\">\n\t\t\t\t\t<h3 class=\"elementor-heading-title elementor-size-default\">Tipps und Empfehlungen<\/h3>\t\t\t\t<\/div>\n\t\t\t\t<\/div>\n\t\t\t\t<\/div>\n\t\t<div class=\"elementor-element elementor-element-232ca77 e-con-full e-flex e-con e-child\" data-id=\"232ca77\" data-element_type=\"container\" data-e-type=\"container\">\n\t\t\t\t<div class=\"elementor-element elementor-element-853eb15 elementor-widget elementor-widget-text-editor\" data-id=\"853eb15\" data-element_type=\"widget\" data-e-type=\"widget\" data-widget_type=\"text-editor.default\">\n\t\t\t\t<div class=\"elementor-widget-container\">\n\t\t\t\t\t\t\t\t\t<div class='md:col-span-8'><ul class='space-y-3 text-gray-600 text-sm md:text-base'><li class='flex items-start'>Entspannen Sie an den Str\u00e4nden von Cala Llombards und Cala S&#8217;Almunia.<\/li><li class='flex items-start'>Genie\u00dfen Sie den Panoramablick von den nahe gelegenen Klippen.<\/li><li class='flex items-start'>Unternehmen Sie Wanderungen, um die mallorquinische Natur zu erkunden.<\/li><li class='flex items-start'>Besuchen Sie die charmanten Nachbard\u00f6rfer wie Santany\u00ed und seinen lokalen Markt.<\/li><li class='flex items-start'>Machen Sie eine Inselrundfahrt mit dem Auto, um weitere malerische Buchten und D\u00f6rfer zu entdecken.<\/li><li class='flex items-start'>Genie\u00dfen Sie die lokale Gastronomie in den Restaurants direkt am Mittelmeer.<\/li><\/ul><\/div>\t\t\t\t\t\t\t\t<\/div>\n\t\t\t\t<\/div>\n\t\t\t\t<\/div>\n\t\t\t\t\t<\/div>\n\t\t\t\t<\/div>\n\t\t<div class=\"elementor-element elementor-element-13b9daa e-flex e-con-boxed e-con e-parent\" data-id=\"13b9daa\" data-element_type=\"container\" data-e-type=\"container\">\n\t\t\t\t\t<div class=\"e-con-inner\">\n\t\t<div class=\"elementor-element elementor-element-70cc933 e-con-full e-flex e-con e-child\" data-id=\"70cc933\" data-element_type=\"container\" data-e-type=\"container\" data-settings=\"{&quot;background_background&quot;:&quot;classic&quot;}\">\n\t\t\t\t<div class=\"elementor-element elementor-element-04251c4 elementor-widget elementor-widget-heading\" data-id=\"04251c4\" data-element_type=\"widget\" data-e-type=\"widget\" data-widget_type=\"heading.default\">\n\t\t\t\t<div class=\"elementor-widget-container\">\n\t\t\t\t\t<h2 class=\"elementor-heading-title elementor-size-default\">Buchen Sie Ihr Ferienhaus in Cala Llombards<\/h2>\t\t\t\t<\/div>\n\t\t\t\t<\/div>\n\t\t\t\t<div class=\"elementor-element elementor-element-f828114 elementor-align-center elementor-widget elementor-widget-button\" data-id=\"f828114\" data-element_type=\"widget\" data-e-type=\"widget\" data-widget_type=\"button.default\">\n\t\t\t\t<div class=\"elementor-widget-container\">\n\t\t\t\t\t\t\t\t\t<div class=\"elementor-button-wrapper\">\n\t\t\t\t\t<a class=\"elementor-button elementor-button-link elementor-size-sm\" href=\"https:\/\/www.dracmallorca.com\/de\/vermietung\/vermietungen-cala-llombards-d464193\/\">\n\t\t\t\t\t\t<span class=\"elementor-button-content-wrapper\">\n\t\t\t\t\t\t\t\t\t<span class=\"elementor-button-text\">Unterk\u00fcnfte ansehen<\/span>\n\t\t\t\t\t<\/span>\n\t\t\t\t\t<\/a>\n\t\t\t\t<\/div>\n\t\t\t\t\t\t\t\t<\/div>\n\t\t\t\t<\/div>\n\t\t\t\t<\/div>\n\t\t\t\t\t<\/div>\n\t\t\t\t<\/div>\n\t\t<div class=\"elementor-element elementor-element-e8956c4 e-flex e-con-boxed e-con e-parent\" data-id=\"e8956c4\" data-element_type=\"container\" data-e-type=\"container\">\n\t\t\t\t\t<div class=\"e-con-inner\">\n\t\t\t\t<div class=\"elementor-element elementor-element-de0f96f elementor-widget elementor-widget-heading\" data-id=\"de0f96f\" data-element_type=\"widget\" data-e-type=\"widget\" data-widget_type=\"heading.default\">\n\t\t\t\t<div class=\"elementor-widget-container\">\n\t\t\t\t\t<h2 class=\"elementor-heading-title elementor-size-default\">H\u00e4ufig gestellte Fragen zu Ferienh\u00e4usern in Cala Llombards<\/h2>\t\t\t\t<\/div>\n\t\t\t\t<\/div>\n\t\t\t\t\t<\/div>\n\t\t\t\t<\/div>\n\t\t<div class=\"elementor-element elementor-element-64e9f43 e-flex e-con-boxed e-con e-parent\" data-id=\"64e9f43\" data-element_type=\"container\" data-e-type=\"container\">\n\t\t\t\t\t<div class=\"e-con-inner\">\n\t\t\t\t<div class=\"elementor-element elementor-element-6a078c7 elementor-widget elementor-widget-n-accordion\" data-id=\"6a078c7\" data-element_type=\"widget\" data-e-type=\"widget\" data-settings=\"{&quot;default_state&quot;:&quot;expanded&quot;,&quot;max_items_expended&quot;:&quot;one&quot;,&quot;n_accordion_animation_duration&quot;:{&quot;unit&quot;:&quot;ms&quot;,&quot;size&quot;:400,&quot;sizes&quot;:[]}}\" data-widget_type=\"nested-accordion.default\">\n\t\t\t\t<div class=\"elementor-widget-container\">\n\t\t\t\t\t\t\t<div class=\"e-n-accordion\" aria-label=\"Accordion. Open links with Enter or Space, close with Escape, and navigate with Arrow Keys\">\n\t\t\t\t\t\t<details id=\"e-n-accordion-item-1110\" class=\"e-n-accordion-item\" open>\n\t\t\t\t<summary class=\"e-n-accordion-item-title\" data-accordion-index=\"1\" tabindex=\"0\" aria-expanded=\"true\" aria-controls=\"e-n-accordion-item-1110\" >\n\t\t\t\t\t<span class='e-n-accordion-item-title-header'><div class=\"e-n-accordion-item-title-text\"> Warum Cala Llombards als Urlaubsziel w\u00e4hlen? <\/div><\/span>\n\t\t\t\t\t\t\t<span class='e-n-accordion-item-title-icon'>\n\t\t\t<span class='e-opened' ><svg aria-hidden=\"true\" class=\"e-font-icon-svg e-fas-minus\" viewBox=\"0 0 448 512\" xmlns=\"http:\/\/www.w3.org\/2000\/svg\"><path d=\"M416 208H32c-17.67 0-32 14.33-32 32v32c0 17.67 14.33 32 32 32h384c17.67 0 32-14.33 32-32v-32c0-17.67-14.33-32-32-32z\"><\/path><\/svg><\/span>\n\t\t\t<span class='e-closed'><svg aria-hidden=\"true\" class=\"e-font-icon-svg e-fas-plus\" viewBox=\"0 0 448 512\" xmlns=\"http:\/\/www.w3.org\/2000\/svg\"><path d=\"M416 208H272V64c0-17.67-14.33-32-32-32h-32c-17.67 0-32 14.33-32 32v144H32c-17.67 0-32 14.33-32 32v32c0 17.67 14.33 32 32 32h144v144c0 17.67 14.33 32 32 32h32c17.67 0 32-14.33 32-32V304h144c17.67 0 32-14.33 32-32v-32c0-17.67-14.33-32-32-32z\"><\/path><\/svg><\/span>\n\t\t<\/span>\n\n\t\t\t\t\t\t<\/summary>\n\t\t\t\t<div role=\"region\" aria-labelledby=\"e-n-accordion-item-1110\" class=\"elementor-element elementor-element-048d1f0 e-con-full e-flex e-con e-child\" data-id=\"048d1f0\" data-element_type=\"container\" data-e-type=\"container\">\n\t\t<div role=\"region\" aria-labelledby=\"e-n-accordion-item-1110\" class=\"elementor-element elementor-element-b254f3c e-flex e-con-boxed e-con e-child\" data-id=\"b254f3c\" data-element_type=\"container\" data-e-type=\"container\">\n\t\t\t\t\t<div class=\"e-con-inner\">\n\t\t\t\t<div class=\"elementor-element elementor-element-1b4d02d elementor-widget elementor-widget-text-editor\" data-id=\"1b4d02d\" data-element_type=\"widget\" data-e-type=\"widget\" data-widget_type=\"text-editor.default\">\n\t\t\t\t<div class=\"elementor-widget-container\">\n\t\t\t\t\t\t\t\t\t<p>Cala Llombards ist ein einzigartiges Reiseziel aufgrund seiner Ruhe, nat\u00fcrlichen Sch\u00f6nheit und der N\u00e4he zu einigen der besten Str\u00e4nde und Buchten Mallorcas. Es ist ideal f\u00fcr Familien und Paare, die einen erholsamen Kurzurlaub abseits des Massentourismus suchen.<\/p>\t\t\t\t\t\t\t\t<\/div>\n\t\t\t\t<\/div>\n\t\t\t\t\t<\/div>\n\t\t\t\t<\/div>\n\t\t\t\t<\/div>\n\t\t\t\t\t<\/details>\n\t\t\t\t\t\t<details id=\"e-n-accordion-item-1111\" class=\"e-n-accordion-item\" >\n\t\t\t\t<summary class=\"e-n-accordion-item-title\" data-accordion-index=\"2\" tabindex=\"-1\" aria-expanded=\"false\" aria-controls=\"e-n-accordion-item-1111\" >\n\t\t\t\t\t<span class='e-n-accordion-item-title-header'><div class=\"e-n-accordion-item-title-text\"> Sind die Unterk\u00fcnfte f\u00fcr gro\u00dfe Gruppen und Familien geeignet? <\/div><\/span>\n\t\t\t\t\t\t\t<span class='e-n-accordion-item-title-icon'>\n\t\t\t<span class='e-opened' ><svg aria-hidden=\"true\" class=\"e-font-icon-svg e-fas-minus\" viewBox=\"0 0 448 512\" xmlns=\"http:\/\/www.w3.org\/2000\/svg\"><path d=\"M416 208H32c-17.67 0-32 14.33-32 32v32c0 17.67 14.33 32 32 32h384c17.67 0 32-14.33 32-32v-32c0-17.67-14.33-32-32-32z\"><\/path><\/svg><\/span>\n\t\t\t<span class='e-closed'><svg aria-hidden=\"true\" class=\"e-font-icon-svg e-fas-plus\" viewBox=\"0 0 448 512\" xmlns=\"http:\/\/www.w3.org\/2000\/svg\"><path d=\"M416 208H272V64c0-17.67-14.33-32-32-32h-32c-17.67 0-32 14.33-32 32v144H32c-17.67 0-32 14.33-32 32v32c0 17.67 14.33 32 32 32h144v144c0 17.67 14.33 32 32 32h32c17.67 0 32-14.33 32-32V304h144c17.67 0 32-14.33 32-32v-32c0-17.67-14.33-32-32-32z\"><\/path><\/svg><\/span>\n\t\t<\/span>\n\n\t\t\t\t\t\t<\/summary>\n\t\t\t\t<div role=\"region\" aria-labelledby=\"e-n-accordion-item-1111\" class=\"elementor-element elementor-element-d26a3da e-con-full e-flex e-con e-child\" data-id=\"d26a3da\" data-element_type=\"container\" data-e-type=\"container\">\n\t\t<div role=\"region\" aria-labelledby=\"e-n-accordion-item-1111\" class=\"elementor-element elementor-element-0c51346 e-flex e-con-boxed e-con e-child\" data-id=\"0c51346\" data-element_type=\"container\" data-e-type=\"container\">\n\t\t\t\t\t<div class=\"e-con-inner\">\n\t\t\t\t<div class=\"elementor-element elementor-element-0feea04 elementor-widget elementor-widget-text-editor\" data-id=\"0feea04\" data-element_type=\"widget\" data-e-type=\"widget\" data-widget_type=\"text-editor.default\">\n\t\t\t\t<div class=\"elementor-widget-container\">\n\t\t\t\t\t\t\t\t\t<p class='text-gray-600 leading-relaxed text-sm md:text-base'>Ja, wir bieten <strong>Ferienh\u00e4user<\/strong> an, die perfekt f\u00fcr Familien und Gruppen geeignet sind. Sie verf\u00fcgen \u00fcber gro\u00dfz\u00fcgige R\u00e4umlichkeiten und alle notwendigen Annehmlichkeiten, um das Zusammenleben und den Komfort aller G\u00e4ste zu gew\u00e4hrleisten.<\/p>\t\t\t\t\t\t\t\t<\/div>\n\t\t\t\t<\/div>\n\t\t\t\t\t<\/div>\n\t\t\t\t<\/div>\n\t\t\t\t<\/div>\n\t\t\t\t\t<\/details>\n\t\t\t\t\t\t<details id=\"e-n-accordion-item-1112\" class=\"e-n-accordion-item\" >\n\t\t\t\t<summary class=\"e-n-accordion-item-title\" data-accordion-index=\"3\" tabindex=\"-1\" aria-expanded=\"false\" aria-controls=\"e-n-accordion-item-1112\" >\n\t\t\t\t\t<span class='e-n-accordion-item-title-header'><div class=\"e-n-accordion-item-title-text\"> Wie komme ich von Palma de Mallorca nach Cala Lombards? <\/div><\/span>\n\t\t\t\t\t\t\t<span class='e-n-accordion-item-title-icon'>\n\t\t\t<span class='e-opened' ><svg aria-hidden=\"true\" class=\"e-font-icon-svg e-fas-minus\" viewBox=\"0 0 448 512\" xmlns=\"http:\/\/www.w3.org\/2000\/svg\"><path d=\"M416 208H32c-17.67 0-32 14.33-32 32v32c0 17.67 14.33 32 32 32h384c17.67 0 32-14.33 32-32v-32c0-17.67-14.33-32-32-32z\"><\/path><\/svg><\/span>\n\t\t\t<span class='e-closed'><svg aria-hidden=\"true\" class=\"e-font-icon-svg e-fas-plus\" viewBox=\"0 0 448 512\" xmlns=\"http:\/\/www.w3.org\/2000\/svg\"><path d=\"M416 208H272V64c0-17.67-14.33-32-32-32h-32c-17.67 0-32 14.33-32 32v144H32c-17.67 0-32 14.33-32 32v32c0 17.67 14.33 32 32 32h144v144c0 17.67 14.33 32 32 32h32c17.67 0 32-14.33 32-32V304h144c17.67 0 32-14.33 32-32v-32c0-17.67-14.33-32-32-32z\"><\/path><\/svg><\/span>\n\t\t<\/span>\n\n\t\t\t\t\t\t<\/summary>\n\t\t\t\t<div role=\"region\" aria-labelledby=\"e-n-accordion-item-1112\" class=\"elementor-element elementor-element-ad0d66e e-con-full e-flex e-con e-child\" data-id=\"ad0d66e\" data-element_type=\"container\" data-e-type=\"container\">\n\t\t<div role=\"region\" aria-labelledby=\"e-n-accordion-item-1112\" class=\"elementor-element elementor-element-9cc99a0 e-flex e-con-boxed e-con e-child\" data-id=\"9cc99a0\" data-element_type=\"container\" data-e-type=\"container\">\n\t\t\t\t\t<div class=\"e-con-inner\">\n\t\t\t\t<div class=\"elementor-element elementor-element-ff6149e elementor-widget elementor-widget-text-editor\" data-id=\"ff6149e\" data-element_type=\"widget\" data-e-type=\"widget\" data-widget_type=\"text-editor.default\">\n\t\t\t\t<div class=\"elementor-widget-container\">\n\t\t\t\t\t\t\t\t\t<p class='text-gray-600 leading-relaxed text-sm md:text-base'>Cala Llombards liegt etwa 50 Autominuten vom Flughafen oder dem Zentrum von Palma de Mallorca entfernt, \u00fcber die Stra\u00dfe MA-6100. Es wird empfohlen, ein Auto zu mieten, um sich frei bewegen zu k\u00f6nnen, obwohl es auch m\u00f6glich ist, \u00f6ffentliche Verkehrsmittel durch eine Kombination aus Bus und Taxi zu nutzen.<\/p>\t\t\t\t\t\t\t\t<\/div>\n\t\t\t\t<\/div>\n\t\t\t\t\t<\/div>\n\t\t\t\t<\/div>\n\t\t\t\t<\/div>\n\t\t\t\t\t<\/details>\n\t\t\t\t\t\t<details id=\"e-n-accordion-item-1113\" class=\"e-n-accordion-item\" >\n\t\t\t\t<summary class=\"e-n-accordion-item-title\" data-accordion-index=\"4\" tabindex=\"-1\" aria-expanded=\"false\" aria-controls=\"e-n-accordion-item-1113\" >\n\t\t\t\t\t<span class='e-n-accordion-item-title-header'><div class=\"e-n-accordion-item-title-text\"> Wie komfortabel sind die H\u00e4user in Cala Llombards? <\/div><\/span>\n\t\t\t\t\t\t\t<span class='e-n-accordion-item-title-icon'>\n\t\t\t<span class='e-opened' ><svg aria-hidden=\"true\" class=\"e-font-icon-svg e-fas-minus\" viewBox=\"0 0 448 512\" xmlns=\"http:\/\/www.w3.org\/2000\/svg\"><path d=\"M416 208H32c-17.67 0-32 14.33-32 32v32c0 17.67 14.33 32 32 32h384c17.67 0 32-14.33 32-32v-32c0-17.67-14.33-32-32-32z\"><\/path><\/svg><\/span>\n\t\t\t<span class='e-closed'><svg aria-hidden=\"true\" class=\"e-font-icon-svg e-fas-plus\" viewBox=\"0 0 448 512\" xmlns=\"http:\/\/www.w3.org\/2000\/svg\"><path d=\"M416 208H272V64c0-17.67-14.33-32-32-32h-32c-17.67 0-32 14.33-32 32v144H32c-17.67 0-32 14.33-32 32v32c0 17.67 14.33 32 32 32h144v144c0 17.67 14.33 32 32 32h32c17.67 0 32-14.33 32-32V304h144c17.67 0 32-14.33 32-32v-32c0-17.67-14.33-32-32-32z\"><\/path><\/svg><\/span>\n\t\t<\/span>\n\n\t\t\t\t\t\t<\/summary>\n\t\t\t\t<div role=\"region\" aria-labelledby=\"e-n-accordion-item-1113\" class=\"elementor-element elementor-element-99adff9 e-con-full e-flex e-con e-child\" data-id=\"99adff9\" data-element_type=\"container\" data-e-type=\"container\">\n\t\t<div role=\"region\" aria-labelledby=\"e-n-accordion-item-1113\" class=\"elementor-element elementor-element-d7cf096 e-flex e-con-boxed e-con e-child\" data-id=\"d7cf096\" data-element_type=\"container\" data-e-type=\"container\">\n\t\t\t\t\t<div class=\"e-con-inner\">\n\t\t\t\t<div class=\"elementor-element elementor-element-d532cb0 elementor-widget elementor-widget-text-editor\" data-id=\"d532cb0\" data-element_type=\"widget\" data-e-type=\"widget\" data-widget_type=\"text-editor.default\">\n\t\t\t\t<div class=\"elementor-widget-container\">\n\t\t\t\t\t\t\t\t\t<div class='text-gray-600 leading-relaxed space-y-4 text-sm md:text-base'><p>Unsere Ferienunterk\u00fcnfte in <strong>Cala Llombards<\/strong> bieten ein hohes Ma\u00df an Komfort und sind so gestaltet, dass Sie sich wie zu Hause f\u00fchlen. Alle sind mit modernen Einrichtungen, voll ausgestatteten K\u00fcchen, eigenen Badezimmern, Waschmaschinen und kostenlosem WLAN ausgestattet.<\/p><p>Die Dekoration ist modern und gem\u00fctlich, mit traditionellen mallorquinischen Details, die eine authentische Atmosph\u00e4re schaffen. Jeder Raum ist darauf ausgelegt, Privatsph\u00e4re und Entspannung in einer nat\u00fcrlichen Umgebung zu bieten.<\/p><p>Zudem ist die Lage unschlagbar. Da sie sich in der N\u00e4he von Str\u00e4nden wie Cala Llombards selbst oder <strong>Cala S\u2019Almunia<\/strong> befinden, haben Sie einfachen Zugang zu den wichtigsten Sehensw\u00fcrdigkeiten und Wanderwegen der Region.<\/p><\/div>\t\t\t\t\t\t\t\t<\/div>\n\t\t\t\t<\/div>\n\t\t\t\t\t<\/div>\n\t\t\t\t<\/div>\n\t\t\t\t<\/div>\n\t\t\t\t\t<\/details>\n\t\t\t\t\t<\/div>\n\t\t\t\t\t\t<\/div>\n\t\t\t\t<\/div>\n\t\t\t\t\t<\/div>\n\t\t\t\t<\/div>\n\t\t<div class=\"elementor-element elementor-element-6fbc8b3b e-grid e-con-boxed e-con e-parent\" data-id=\"6fbc8b3b\" data-element_type=\"container\" data-e-type=\"container\">\n\t\t\t\t\t<div class=\"e-con-inner\">\n\t\t\t\t<div class=\"elementor-element elementor-element-c92cd45 elementor-align-center elementor-widget elementor-widget-button\" data-id=\"c92cd45\" data-element_type=\"widget\" data-e-type=\"widget\" data-widget_type=\"button.default\">\n\t\t\t\t<div class=\"elementor-widget-container\">\n\t\t\t\t\t\t\t\t\t<div class=\"elementor-button-wrapper\">\n\t\t\t\t\t<a class=\"elementor-button elementor-button-link elementor-size-sm\" href=\"https:\/\/www.dracmallorca.com\/de\/unterkunft-urlaub-ferien-cala-figuera-mallorca\/\">\n\t\t\t\t\t\t<span class=\"elementor-button-content-wrapper\">\n\t\t\t\t\t\t\t\t\t<span class=\"elementor-button-text\">Unterkunft in Cala Figuera<\/span>\n\t\t\t\t\t<\/span>\n\t\t\t\t\t<\/a>\n\t\t\t\t<\/div>\n\t\t\t\t\t\t\t\t<\/div>\n\t\t\t\t<\/div>\n\t\t\t\t<div class=\"elementor-element elementor-element-f5d47e7 elementor-align-center elementor-widget elementor-widget-button\" data-id=\"f5d47e7\" data-element_type=\"widget\" data-e-type=\"widget\" data-widget_type=\"button.default\">\n\t\t\t\t<div class=\"elementor-widget-container\">\n\t\t\t\t\t\t\t\t\t<div class=\"elementor-button-wrapper\">\n\t\t\t\t\t<a class=\"elementor-button elementor-button-link elementor-size-sm\" href=\"https:\/\/www.dracmallorca.com\/de\/unterkunfte-santanyi\/\">\n\t\t\t\t\t\t<span class=\"elementor-button-content-wrapper\">\n\t\t\t\t\t\t\t\t\t<span class=\"elementor-button-text\">Unterkunft in Santany\u00ed<\/span>\n\t\t\t\t\t<\/span>\n\t\t\t\t\t<\/a>\n\t\t\t\t<\/div>\n\t\t\t\t\t\t\t\t<\/div>\n\t\t\t\t<\/div>\n\t\t\t\t<div class=\"elementor-element elementor-element-35cc7e9 elementor-align-center elementor-widget elementor-widget-button\" data-id=\"35cc7e9\" data-element_type=\"widget\" data-e-type=\"widget\" data-widget_type=\"button.default\">\n\t\t\t\t<div class=\"elementor-widget-container\">\n\t\t\t\t\t\t\t\t\t<div class=\"elementor-button-wrapper\">\n\t\t\t\t\t<a class=\"elementor-button elementor-button-link elementor-size-sm\" href=\"https:\/\/www.dracmallorca.com\/de\/unterkunft-urlaub-ferien-cala-santanyi-mallorca\/\">\n\t\t\t\t\t\t<span class=\"elementor-button-content-wrapper\">\n\t\t\t\t\t\t\t\t\t<span class=\"elementor-button-text\">Unterkunft in Cala Santanyi<\/span>\n\t\t\t\t\t<\/span>\n\t\t\t\t\t<\/a>\n\t\t\t\t<\/div>\n\t\t\t\t\t\t\t\t<\/div>\n\t\t\t\t<\/div>\n\t\t\t\t\t<\/div>\n\t\t\t\t<\/div>\n\t\t\t\t<\/div>\n\t\t","protected":false},"excerpt":{"rendered":"<p>Finden Sie die besten Ferienh\u00e4user in Cala Llombards in der N\u00e4he des Strandes und genie\u00dfen Sie die Ruhe des Mittelmeers.<\/p>\n","protected":false},"author":3,"featured_media":0,"parent":0,"menu_order":0,"comment_status":"closed","ping_status":"closed","template":"","meta":{"footnotes":""},"class_list":["post-4682","page","type-page","status-publish","hentry"],"yoast_head":"<!-- This site is optimized with the Yoast SEO plugin v27.4 - https:\/\/yoast.com\/product\/yoast-seo-wordpress\/ -->\n<title>Ferienh\u00e4user in Cala Llombards - Experiencias y actividades en Mallorca<\/title>\n<meta name=\"description\" content=\"Finden Sie die besten Ferienh\u00e4user in Cala Llombards in der N\u00e4he des Strandes und genie\u00dfen Sie die Ruhe des Mittelmeers.\" \/>\n<meta name=\"robots\" content=\"index, follow, max-snippet:-1, max-image-preview:large, max-video-preview:-1\" \/>\n<link rel=\"canonical\" href=\"https:\/\/www.dracmallorca.com\/blog\/de\/ferienhaeuser-in-cala-llombards\/\" \/>\n<meta property=\"og:locale\" content=\"de_DE\" \/>\n<meta property=\"og:type\" content=\"article\" \/>\n<meta property=\"og:title\" content=\"Ferienh\u00e4user in Cala Llombards - Experiencias y actividades en Mallorca\" \/>\n<meta property=\"og:description\" content=\"Finden Sie die besten Ferienh\u00e4user in Cala Llombards in der N\u00e4he des Strandes und genie\u00dfen Sie die Ruhe des Mittelmeers.\" \/>\n<meta property=\"og:url\" content=\"https:\/\/www.dracmallorca.com\/blog\/de\/ferienhaeuser-in-cala-llombards\/\" \/>\n<meta property=\"og:site_name\" content=\"Experiencias y actividades en Mallorca\" \/>\n<meta property=\"article:modified_time\" content=\"2026-04-02T08:10:28+00:00\" \/>\n<meta property=\"og:image\" content=\"https:\/\/crs.avantio.com\/fotos\/2\/157848893219f7507dfb1bf81d589791cf33c84ca6\/big16575375781bc753ef4c125cb8bd50bf9f0e98c61f.jpg\" \/>\n<meta name=\"twitter:card\" content=\"summary_large_image\" \/>\n<meta name=\"twitter:label1\" content=\"Gesch\u00e4tzte Lesezeit\" \/>\n\t<meta name=\"twitter:data1\" content=\"10\u00a0Minuten\" \/>\n<script type=\"application\/ld+json\" class=\"yoast-schema-graph\">{\"@context\":\"https:\\\/\\\/schema.org\",\"@graph\":[{\"@type\":\"WebPage\",\"@id\":\"https:\\\/\\\/www.dracmallorca.com\\\/blog\\\/de\\\/ferienhaeuser-in-cala-llombards\\\/\",\"url\":\"https:\\\/\\\/www.dracmallorca.com\\\/blog\\\/de\\\/ferienhaeuser-in-cala-llombards\\\/\",\"name\":\"Ferienh\u00e4user in Cala Llombards - Experiencias y actividades en Mallorca\",\"isPartOf\":{\"@id\":\"https:\\\/\\\/www.dracmallorca.com\\\/blog\\\/#website\"},\"primaryImageOfPage\":{\"@id\":\"https:\\\/\\\/www.dracmallorca.com\\\/blog\\\/de\\\/ferienhaeuser-in-cala-llombards\\\/#primaryimage\"},\"image\":{\"@id\":\"https:\\\/\\\/www.dracmallorca.com\\\/blog\\\/de\\\/ferienhaeuser-in-cala-llombards\\\/#primaryimage\"},\"thumbnailUrl\":\"https:\\\/\\\/crs.avantio.com\\\/fotos\\\/2\\\/157848893219f7507dfb1bf81d589791cf33c84ca6\\\/big16575375781bc753ef4c125cb8bd50bf9f0e98c61f.jpg\",\"datePublished\":\"2026-04-02T08:07:47+00:00\",\"dateModified\":\"2026-04-02T08:10:28+00:00\",\"description\":\"Finden Sie die besten Ferienh\u00e4user in Cala Llombards in der N\u00e4he des Strandes und genie\u00dfen Sie die Ruhe des Mittelmeers.\",\"inLanguage\":\"de\",\"potentialAction\":[{\"@type\":\"ReadAction\",\"target\":[\"https:\\\/\\\/www.dracmallorca.com\\\/blog\\\/de\\\/ferienhaeuser-in-cala-llombards\\\/\"]}]},{\"@type\":\"ImageObject\",\"inLanguage\":\"de\",\"@id\":\"https:\\\/\\\/www.dracmallorca.com\\\/blog\\\/de\\\/ferienhaeuser-in-cala-llombards\\\/#primaryimage\",\"url\":\"https:\\\/\\\/crs.avantio.com\\\/fotos\\\/2\\\/157848893219f7507dfb1bf81d589791cf33c84ca6\\\/big16575375781bc753ef4c125cb8bd50bf9f0e98c61f.jpg\",\"contentUrl\":\"https:\\\/\\\/crs.avantio.com\\\/fotos\\\/2\\\/157848893219f7507dfb1bf81d589791cf33c84ca6\\\/big16575375781bc753ef4c125cb8bd50bf9f0e98c61f.jpg\"},{\"@type\":\"WebSite\",\"@id\":\"https:\\\/\\\/www.dracmallorca.com\\\/blog\\\/#website\",\"url\":\"https:\\\/\\\/www.dracmallorca.com\\\/blog\\\/\",\"name\":\"Experiencias y actividades en Mallorca\",\"description\":\"Drac Mallorca\",\"publisher\":{\"@id\":\"https:\\\/\\\/www.dracmallorca.com\\\/blog\\\/#organization\"},\"potentialAction\":[{\"@type\":\"SearchAction\",\"target\":{\"@type\":\"EntryPoint\",\"urlTemplate\":\"https:\\\/\\\/www.dracmallorca.com\\\/blog\\\/?s={search_term_string}\"},\"query-input\":{\"@type\":\"PropertyValueSpecification\",\"valueRequired\":true,\"valueName\":\"search_term_string\"}}],\"inLanguage\":\"de\"},{\"@type\":\"Organization\",\"@id\":\"https:\\\/\\\/www.dracmallorca.com\\\/blog\\\/#organization\",\"name\":\"Experiencias y actividades en Mallorca\",\"url\":\"https:\\\/\\\/www.dracmallorca.com\\\/blog\\\/\",\"logo\":{\"@type\":\"ImageObject\",\"inLanguage\":\"de\",\"@id\":\"https:\\\/\\\/www.dracmallorca.com\\\/blog\\\/#\\\/schema\\\/logo\\\/image\\\/\",\"url\":\"https:\\\/\\\/www.dracmallorca.com\\\/blog\\\/wp-content\\\/uploads\\\/2023\\\/11\\\/logo-8.png\",\"contentUrl\":\"https:\\\/\\\/www.dracmallorca.com\\\/blog\\\/wp-content\\\/uploads\\\/2023\\\/11\\\/logo-8.png\",\"width\":869,\"height\":248,\"caption\":\"Experiencias y actividades en Mallorca\"},\"image\":{\"@id\":\"https:\\\/\\\/www.dracmallorca.com\\\/blog\\\/#\\\/schema\\\/logo\\\/image\\\/\"}}]}<\/script>\n<!-- \/ Yoast SEO plugin. -->","yoast_head_json":{"title":"Ferienh\u00e4user in Cala Llombards - Experiencias y actividades en Mallorca","description":"Finden Sie die besten Ferienh\u00e4user in Cala Llombards in der N\u00e4he des Strandes und genie\u00dfen Sie die Ruhe des Mittelmeers.","robots":{"index":"index","follow":"follow","max-snippet":"max-snippet:-1","max-image-preview":"max-image-preview:large","max-video-preview":"max-video-preview:-1"},"canonical":"https:\/\/www.dracmallorca.com\/blog\/de\/ferienhaeuser-in-cala-llombards\/","og_locale":"de_DE","og_type":"article","og_title":"Ferienh\u00e4user in Cala Llombards - Experiencias y actividades en Mallorca","og_description":"Finden Sie die besten Ferienh\u00e4user in Cala Llombards in der N\u00e4he des Strandes und genie\u00dfen Sie die Ruhe des Mittelmeers.","og_url":"https:\/\/www.dracmallorca.com\/blog\/de\/ferienhaeuser-in-cala-llombards\/","og_site_name":"Experiencias y actividades en Mallorca","article_modified_time":"2026-04-02T08:10:28+00:00","og_image":[{"url":"https:\/\/crs.avantio.com\/fotos\/2\/157848893219f7507dfb1bf81d589791cf33c84ca6\/big16575375781bc753ef4c125cb8bd50bf9f0e98c61f.jpg","type":"","width":"","height":""}],"twitter_card":"summary_large_image","twitter_misc":{"Gesch\u00e4tzte Lesezeit":"10\u00a0Minuten"},"schema":{"@context":"https:\/\/schema.org","@graph":[{"@type":"WebPage","@id":"https:\/\/www.dracmallorca.com\/blog\/de\/ferienhaeuser-in-cala-llombards\/","url":"https:\/\/www.dracmallorca.com\/blog\/de\/ferienhaeuser-in-cala-llombards\/","name":"Ferienh\u00e4user in Cala Llombards - Experiencias y actividades en Mallorca","isPartOf":{"@id":"https:\/\/www.dracmallorca.com\/blog\/#website"},"primaryImageOfPage":{"@id":"https:\/\/www.dracmallorca.com\/blog\/de\/ferienhaeuser-in-cala-llombards\/#primaryimage"},"image":{"@id":"https:\/\/www.dracmallorca.com\/blog\/de\/ferienhaeuser-in-cala-llombards\/#primaryimage"},"thumbnailUrl":"https:\/\/crs.avantio.com\/fotos\/2\/157848893219f7507dfb1bf81d589791cf33c84ca6\/big16575375781bc753ef4c125cb8bd50bf9f0e98c61f.jpg","datePublished":"2026-04-02T08:07:47+00:00","dateModified":"2026-04-02T08:10:28+00:00","description":"Finden Sie die besten Ferienh\u00e4user in Cala Llombards in der N\u00e4he des Strandes und genie\u00dfen Sie die Ruhe des Mittelmeers.","inLanguage":"de","potentialAction":[{"@type":"ReadAction","target":["https:\/\/www.dracmallorca.com\/blog\/de\/ferienhaeuser-in-cala-llombards\/"]}]},{"@type":"ImageObject","inLanguage":"de","@id":"https:\/\/www.dracmallorca.com\/blog\/de\/ferienhaeuser-in-cala-llombards\/#primaryimage","url":"https:\/\/crs.avantio.com\/fotos\/2\/157848893219f7507dfb1bf81d589791cf33c84ca6\/big16575375781bc753ef4c125cb8bd50bf9f0e98c61f.jpg","contentUrl":"https:\/\/crs.avantio.com\/fotos\/2\/157848893219f7507dfb1bf81d589791cf33c84ca6\/big16575375781bc753ef4c125cb8bd50bf9f0e98c61f.jpg"},{"@type":"WebSite","@id":"https:\/\/www.dracmallorca.com\/blog\/#website","url":"https:\/\/www.dracmallorca.com\/blog\/","name":"Experiencias y actividades en Mallorca","description":"Drac Mallorca","publisher":{"@id":"https:\/\/www.dracmallorca.com\/blog\/#organization"},"potentialAction":[{"@type":"SearchAction","target":{"@type":"EntryPoint","urlTemplate":"https:\/\/www.dracmallorca.com\/blog\/?s={search_term_string}"},"query-input":{"@type":"PropertyValueSpecification","valueRequired":true,"valueName":"search_term_string"}}],"inLanguage":"de"},{"@type":"Organization","@id":"https:\/\/www.dracmallorca.com\/blog\/#organization","name":"Experiencias y actividades en Mallorca","url":"https:\/\/www.dracmallorca.com\/blog\/","logo":{"@type":"ImageObject","inLanguage":"de","@id":"https:\/\/www.dracmallorca.com\/blog\/#\/schema\/logo\/image\/","url":"https:\/\/www.dracmallorca.com\/blog\/wp-content\/uploads\/2023\/11\/logo-8.png","contentUrl":"https:\/\/www.dracmallorca.com\/blog\/wp-content\/uploads\/2023\/11\/logo-8.png","width":869,"height":248,"caption":"Experiencias y actividades en Mallorca"},"image":{"@id":"https:\/\/www.dracmallorca.com\/blog\/#\/schema\/logo\/image\/"}}]}},"_links":{"self":[{"href":"https:\/\/www.dracmallorca.com\/blog\/de\/wp-json\/wp\/v2\/pages\/4682","targetHints":{"allow":["GET"]}}],"collection":[{"href":"https:\/\/www.dracmallorca.com\/blog\/de\/wp-json\/wp\/v2\/pages"}],"about":[{"href":"https:\/\/www.dracmallorca.com\/blog\/de\/wp-json\/wp\/v2\/types\/page"}],"author":[{"embeddable":true,"href":"https:\/\/www.dracmallorca.com\/blog\/de\/wp-json\/wp\/v2\/users\/3"}],"replies":[{"embeddable":true,"href":"https:\/\/www.dracmallorca.com\/blog\/de\/wp-json\/wp\/v2\/comments?post=4682"}],"version-history":[{"count":7,"href":"https:\/\/www.dracmallorca.com\/blog\/de\/wp-json\/wp\/v2\/pages\/4682\/revisions"}],"predecessor-version":[{"id":4698,"href":"https:\/\/www.dracmallorca.com\/blog\/de\/wp-json\/wp\/v2\/pages\/4682\/revisions\/4698"}],"wp:attachment":[{"href":"https:\/\/www.dracmallorca.com\/blog\/de\/wp-json\/wp\/v2\/media?parent=4682"}],"curies":[{"name":"wp","href":"https:\/\/api.w.org\/{rel}","templated":true}]}}